{"version":"1.0","provider_name":"Jenni Pitko - Vihreiden varapuheenjohtaja, ymp\u00e4rist\u00f6valiokunnan puheenjohtaja, kansanedustaja ja arkkitehti Oulusta","provider_url":"https:\/\/jennipitko.fi\/koti","author_name":"Jenni","author_url":"https:\/\/jennipitko.fi\/koti\/author\/jenni\/","title":"Koulutukseen panostamalla varmistetaan hyvinvointi my\u00f6s huomenna - Jenni Pitko - Vihreiden varapuheenjohtaja, ymp\u00e4rist\u00f6valiokunnan puheenjohtaja, kansanedustaja ja arkkitehti Oulusta","type":"rich","width":600,"height":338,"html":"<blockquote class=\"wp-embedded-content\" data-secret=\"TJijtyVFE6\"><a href=\"https:\/\/jennipitko.fi\/koti\/koulutukseen-panostamalla-varmistetaan-hyvinvointi-myos-huomenna\/\">Koulutukseen panostamalla varmistetaan hyvinvointi my\u00f6s huomenna<\/a><\/blockquote><iframe sandbox=\"allow-scripts\" security=\"restricted\" src=\"https:\/\/jennipitko.fi\/koti\/koulutukseen-panostamalla-varmistetaan-hyvinvointi-myos-huomenna\/embed\/#?secret=TJijtyVFE6\" width=\"600\" height=\"338\" title=\"&#8221;Koulutukseen panostamalla varmistetaan hyvinvointi my\u00f6s huomenna&#8221; &#8212; Jenni Pitko - Vihreiden varapuheenjohtaja, ymp\u00e4rist\u00f6valiokunnan puheenjohtaja, kansanedustaja ja arkkitehti Oulusta\" data-secret=\"TJijtyVFE6\" frameborder=\"0\" marginwidth=\"0\" marginheight=\"0\" scrolling=\"no\" class=\"wp-embedded-content\"><\/iframe><script>\n\/*! This file is auto-generated *\/\n!function(d,l){\"use strict\";l.querySelector&&d.addEventListener&&\"undefined\"!=typeof URL&&(d.wp=d.wp||{},d.wp.receiveEmbedMessage||(d.wp.receiveEmbedMessage=function(e){var t=e.data;if((t||t.secret||t.message||t.value)&&!\/[^a-zA-Z0-9]\/.test(t.secret)){for(var s,r,n,a=l.querySelectorAll('iframe[data-secret=\"'+t.secret+'\"]'),o=l.querySelectorAll('blockquote[data-secret=\"'+t.secret+'\"]'),c=new RegExp(\"^https?:$\",\"i\"),i=0;i<o.length;i++)o[i].style.display=\"none\";for(i=0;i<a.length;i++)s=a[i],e.source===s.contentWindow&&(s.removeAttribute(\"style\"),\"height\"===t.message?(1e3<(r=parseInt(t.value,10))?r=1e3:~~r<200&&(r=200),s.height=r):\"link\"===t.message&&(r=new URL(s.getAttribute(\"src\")),n=new URL(t.value),c.test(n.protocol))&&n.host===r.host&&l.activeElement===s&&(d.top.location.href=t.value))}},d.addEventListener(\"message\",d.wp.receiveEmbedMessage,!1),l.addEventListener(\"DOMContentLoaded\",function(){for(var e,t,s=l.querySelectorAll(\"iframe.wp-embedded-content\"),r=0;r<s.length;r++)(t=(e=s[r]).getAttribute(\"data-secret\"))||(t=Math.random().toString(36).substring(2,12),e.src+=\"#?secret=\"+t,e.setAttribute(\"data-secret\",t)),e.contentWindow.postMessage({message:\"ready\",secret:t},\"*\")},!1)))}(window,document);\n\/\/# sourceURL=https:\/\/jennipitko.fi\/koti\/wp-includes\/js\/wp-embed.min.js\n<\/script>\n","description":"Koulutuksen ja tieteen rahoituksesta on edellisill\u00e4 vaalikausilla leikattu l\u00e4hes 1,5 miljardia varhaiskasvatuksesta l\u00e4htien. Koulutus ja osaaminen on ollut Suomen menestyksen mahdollistaja ja se on vahvuutemme maailman markkinoilla my\u00f6s jatkossa, jos panostamme siihen riitt\u00e4v\u00e4sti.","thumbnail_url":"http:\/\/jennipitko.fi\/koti\/wp-content\/uploads\/2019\/03\/facebook-kuva-_panostetaan-koulutuksene.png"}