{"id":2441,"date":"2021-02-19T18:13:04","date_gmt":"2021-02-19T16:13:04","guid":{"rendered":"https:\/\/jennipitko.fi\/koti\/?page_id=2441"},"modified":"2021-06-10T14:30:20","modified_gmt":"2021-06-10T12:30:20","slug":"kuntavaalit","status":"publish","type":"page","link":"https:\/\/jennipitko.fi\/koti\/kuntavaalit\/","title":{"rendered":"Kuntavaalit 2021"},"content":{"rendered":"\n<h3 class=\"wp-block-heading\">El\u00e4v\u00e4n kaupungin ja luonnon puolesta<br>Ehdolla Oulun kaupunginvaltuustoon numerolla 74<\/h3>\n\n\n\n<figure class=\"wp-block-embed is-type-rich is-provider-upotuksen-kasittelija wp-block-embed-upotuksen-kasittelija wp-embed-aspect-4-3 wp-has-aspect-ratio\"><div class=\"wp-block-embed__wrapper\">\n<iframe title=\"\u00c4\u00e4ni vihreille kuntavaaleissa on \u00e4\u00e4ni luonnolle\" width=\"500\" height=\"375\" src=\"https:\/\/www.youtube.com\/embed\/0vx_aWBwTYg?feature=oembed\" frameborder=\"0\" allow=\"accelerometer; autoplay; clipboard-write; encrypted-media; gyroscope; picture-in-picture; web-share\" referrerpolicy=\"strict-origin-when-cross-origin\" allowfullscreen><\/iframe>\n<\/div><\/figure>\n\n\n\n<p>Olen ehdolla kuntavaaleissa kolmannelle valtuustokaudelle sill\u00e4 haluan olla kehitt\u00e4m\u00e4ss\u00e4 rakasta kotikaupunkiani Oulua. Haluan olla tekem\u00e4ss\u00e4 p\u00e4\u00e4t\u00f6ksi\u00e4, jotka ovat hyv\u00e4ksi sen kaupunkilaisille ja p\u00e4\u00e4t\u00f6ksi\u00e4, joilla varmistetaan kaupungin vetovoima my\u00f6s tulevaisuudessa. Haluan, ett\u00e4 Oulu tavoittelee rohkeasti ilmastoneutraaliutta, mahdollistaa kaupunkiaisille ilmastokest\u00e4v\u00e4t valinnat ja vaalii ja ennallistaa ainutlaatusta luontoamme. <\/p>\n\n\n\n<p>Ennakko\u00e4\u00e4nestys kotimaassa 26.5.-8.6. ja varsinainen vaalip\u00e4iv\u00e4 13.6.<\/p>\n\n\n\n<h5 class=\"wp-block-heading\">Tule mukaan!<\/h5>\n\n\n\n<p>Haluatko tulla mukaan tekem\u00e4\u00e4 kampanjaa? Ota yhteytt\u00e4 minuun tai kampanjap\u00e4\u00e4llikk\u00f6\u00f6ni. Olet l\u00e4mpim\u00e4sti tervetullut esimerkiksi jakamaan esitteit\u00e4 kanssani! Kampanjaan voi my\u00f6s lahjoittaa <a href=\"https:\/\/www.vihreat.fi\/ehdokkaat\/?vaali=o_5&amp;kunta=k564\">t\u00e4\u00e4ll\u00e4<\/a>. Lahjoitustuotot k\u00e4ytet\u00e4\u00e4n n\u00e4kyvyyden hankkimiseen.<\/p>\n\n\n\n<h5 class=\"wp-block-heading\"><strong>Vaaliteemani:<\/strong><\/h5>\n\n\n\n<figure class=\"wp-block-image size-large\"><a href=\"https:\/\/jennipitko.fi\/koti\/wp-content\/uploads\/2021\/03\/Untitled-design.gif\"><img decoding=\"async\" src=\"https:\/\/jennipitko.fi\/koti\/wp-content\/uploads\/2021\/03\/Untitled-design.gif\" alt=\"Untitled Design\" class=\"wp-image-2543\" title=\"Kuntavaalit 2021\"><\/a><\/figure>\n\n\n\n<p>Oulun keskusta on k\u00e4tev\u00e4 paikka asioida, kaupunkikuvassa n\u00e4kyy kerrostunutta historiaa ja siell\u00e4 on pienen suurkaupungin viihtyisyytt\u00e4. Kehitt\u00e4misen varaa on kuitenkin el\u00e4vyydess\u00e4 sek\u00e4 uuden rakentamisen sopivuudessa vanhaan rakennuskantaan. Haluan my\u00f6s olla edist\u00e4m\u00e4ss\u00e4 yhdenvertaista, suvaitsevaista ja monikulttuurista ilmapiiri\u00e4.&nbsp;<\/p>\n\n\n\n<figure class=\"wp-block-image\"><img decoding=\"async\" src=\"https:\/\/jennipitko.fi\/koti\/wp-content\/uploads\/2021\/03\/TOIMENPIDE-ehdotukset-_.png\" alt=\"T\u00e4m\u00e4n kuvan alt-attribuutti on tyhj\u00e4; Tiedoston nimi on TOIMENPIDE-ehdotukset-_.png\" title=\"Kuntavaalit 2021\"><\/figure>\n\n\n\n<ol class=\"wp-block-list\"><li>Tuodaan lis\u00e4\u00e4 asukkaita keskustaan ja sen l\u00e4hituntumaan. T\u00e4ydennysrakentamisessa on Oulussa k\u00e4ytt\u00e4m\u00e4t\u00f6nt\u00e4 potentiaalia.&nbsp;<\/li><li>Keskustaan ei tarvita enemp\u00e4\u00e4 umpinaisia katutason kerroksia tai ep\u00e4sopusuhtaisia taloja vaan tarvitaan liiketiloja paikallisille yritt\u00e4jille sek\u00e4 kaunista nykyarkkitehtuuria. Kaupunkikuvan tason tulee olla jatkossakin korkea.<\/li><li>Laajennetaan k\u00e4velykatualuetta, lis\u00e4t\u00e4\u00e4n joukkoliikenteen rahoitusta ja sujuvuutta, rakennetaan uusia py\u00f6r\u00e4katuja ja -kaistoja sek\u00e4 tuodaan kaupunkipy\u00f6r\u00e4t takaisin.<\/li><li>Helpotetaan tapahtumien j\u00e4rjest\u00e4mist\u00e4 ja pidet\u00e4\u00e4n huolta riitt\u00e4vist\u00e4 kulttuuri- ja tapahtuma-avustuksista.<\/li><li>Rakennetaan uusi taidemuseo keskustaan ja tehd\u00e4\u00e4n siit\u00e4 upea kohtaamispaikka. Pohjoinen taide ansaitsee n\u00e4yteikkunansa.<\/li><\/ol>\n\n\n\n<p><\/p>\n\n\n\n<figure class=\"wp-block-image size-large\"><a href=\"https:\/\/jennipitko.fi\/koti\/wp-content\/uploads\/2021\/03\/Copy-of-Untitled.gif\"><img decoding=\"async\" src=\"https:\/\/jennipitko.fi\/koti\/wp-content\/uploads\/2021\/03\/Copy-of-Untitled.gif\" alt=\"Copy Of Untitled\" class=\"wp-image-2552\" title=\"Kuntavaalit 2021\"><\/a><\/figure>\n\n\n\n<p>Oululaisille luonto on t\u00e4rke\u00e4 ja rakas. M\u00e4\u00e4r\u00e4tietoisella otteella Oulusta voidaan tehd\u00e4 kansainv\u00e4lisesti tunnettu luontokaupunki. Luonnontilaista mets\u00e4\u00e4 ei Oulussa ole en\u00e4\u00e4 paljoa j\u00e4ljell\u00e4 ja vanhoja metsi\u00e4 uhkaa jatkuvasti hakkuut. On aika laittaa asiat t\u00e4rkeysj\u00e4rjestykseen: luonto on elinehtomme ja sit\u00e4 tulee suojella.&nbsp;<\/p>\n\n\n\n<figure class=\"wp-block-image\"><img decoding=\"async\" src=\"https:\/\/jennipitko.fi\/koti\/wp-content\/uploads\/2021\/03\/TOIMENPIDE-ehdotukset-_.png\" alt=\"T\u00e4m\u00e4n kuvan alt-attribuutti on tyhj\u00e4; Tiedoston nimi on TOIMENPIDE-ehdotukset-_.png\" title=\"Kuntavaalit 2021\"><\/figure>\n\n\n\n<ol class=\"wp-block-list\"><li>Tehd\u00e4\u00e4n Sanginjoesta kaupunkilaisten luontohelmi. Oulun seudulle tulee tavoitella omaa kansallispuistoa. Hietasaaren metsien hakkaaminen on lopetettava. Oulun luonnoltaan rikkaat kohteet on my\u00f6s tunnistettava ja s\u00e4\u00e4stett\u00e4v\u00e4.&nbsp;<\/li><li>Luonto tarvitsee kunnostamista. Turvetuotannosta poistuvia alueita tulee ennallistaa lintukosteikoiksi ja mahdollistamalla vaelluskalojen nousu Oulujokeen Merikoskella.&nbsp;<\/li><li>Lis\u00e4t\u00e4\u00e4n niittyj\u00e4 p\u00f6rri\u00e4isille &#8211; esimerkiksi p\u00e4iv\u00e4kotien pihoilla, toimistojen katoilla ja teiden pientareilla. Kehitet\u00e4\u00e4n kaupungille oma niittyseos, jossa suositaan paikallisia luonnonkukkia.<\/li><li>Uhanalaisten eli\u00f6iden ja luontotyyppien vaaliminen edellytt\u00e4\u00e4 suunnitelmallista otetta. Otetaan ainutlaatuinen lietetatar-kasvi Oulun suiston kehitt\u00e4misen k\u00e4rjeksi. Tehd\u00e4\u00e4n Oululle ominaisten uhanalaisten lajien ja luontotyyppien vaalimisesta paikallinen ylpeyden aihe.&nbsp;<\/li><li>Otetaan ihmiset mukaan vauvasta vaariin. Tarjotaan kaupunkilaisille luontoharrastuksia esimerkiksi niittyjen hoidossa tai purojen ja soiden ennallistamisessa.&nbsp;<\/li><\/ol>\n\n\n\n<p><\/p>\n\n\n\n<figure class=\"wp-block-image size-large\"><a href=\"https:\/\/jennipitko.fi\/koti\/wp-content\/uploads\/2021\/03\/Copy-of-Copy-of-Untitled.gif\"><img decoding=\"async\" src=\"https:\/\/jennipitko.fi\/koti\/wp-content\/uploads\/2021\/03\/Copy-of-Copy-of-Untitled.gif\" alt=\"Copy Of Copy Of Untitled\" class=\"wp-image-2554\" title=\"Kuntavaalit 2021\"><\/a><\/figure>\n\n\n\n<p>Oulussa on tehty hyvinvointipalveluiden uudistamista voimakkaasti viime vuosina kustannusten kasvun hillitsemiseksi. On kuitenkin aika my\u00f6nt\u00e4\u00e4, ett\u00e4 joihinkin palveluihin on panostettu liian v\u00e4h\u00e4n. Mielenterveyspalveluiden jonot on kasvaneet viime vuosien aikana aivan liian pitkiksi. Samalla meid\u00e4n tulisi tehd\u00e4 arjen asioinnista Oulussa mahdollisimman sujuvaa ja mahdollistaa kaikille kohtuullinen matka luontoon.&nbsp;<\/p>\n\n\n\n<figure class=\"wp-block-image\"><img decoding=\"async\" src=\"https:\/\/jennipitko.fi\/koti\/wp-content\/uploads\/2021\/03\/TOIMENPIDE-ehdotukset-_.png\" alt=\"T\u00e4m\u00e4n kuvan alt-attribuutti on tyhj\u00e4; Tiedoston nimi on TOIMENPIDE-ehdotukset-_.png\" title=\"Kuntavaalit 2021\"><\/figure>\n\n\n\n<ol class=\"wp-block-list\"><li>Jokaisella on oltava mahdollisuus mielenterveyspalveluihin. Mielenterveyspalvelu tulee paremmin resursoida vastaamaan tarvetta, jotta hoitoon p\u00e4\u00e4see nopeasti.&nbsp;<\/li><li>Terapiaan pit\u00e4\u00e4 p\u00e4\u00e4st\u00e4 ilman l\u00e4\u00e4k\u00e4rin l\u00e4hetett\u00e4 tarvittaessa my\u00f6s anonyymisti. Otetaan k\u00e4ytt\u00f6\u00f6n lyhytterapiapalveluita.<\/li><li>Tutkitusti jo lyhyt l\u00e4hiluonnossa vietetty aika laskee stressi\u00e4. Kaikilta asuinalueilta tulee olla p\u00e4\u00e4sy luontoon k\u00e4vellen alle vartissa.<\/li><li>Koronalla on ollut merkitt\u00e4vi\u00e4 vaikutuksia jaksamiseen ja j\u00e4ljet n\u00e4kyv\u00e4t monessa kaupungin henkil\u00f6st\u00f6ryhm\u00e4ss\u00e4, mik\u00e4 voi heijastua hoitamattomana motivaatioon ja ty\u00f6tehoon. Henkil\u00f6st\u00f6politiikassa pit\u00e4\u00e4 korostetusti kiinnitt\u00e4\u00e4 huomiota kuormitusta aiheuttavien tekij\u00f6iden v\u00e4hent\u00e4miseen ja turvata kaikille ammattilaisille ty\u00f6rauha.&nbsp;<\/li><\/ol>\n\n\n\n<p><\/p>\n\n\n\n<figure class=\"wp-block-image size-large\"><a href=\"https:\/\/jennipitko.fi\/koti\/wp-content\/uploads\/2021\/03\/Copy-of-Copy-of-Copy-of-Untitled.gif\"><img decoding=\"async\" src=\"https:\/\/jennipitko.fi\/koti\/wp-content\/uploads\/2021\/03\/Copy-of-Copy-of-Copy-of-Untitled.gif\" alt=\"Copy Of Copy Of Copy Of Untitled\" class=\"wp-image-2555\" title=\"Kuntavaalit 2021\"><\/a><\/figure>\n\n\n\n<p>Kaupungeilla ja kunnilla on merkitt\u00e4v\u00e4 rooli ilmastonmuutoksen torjumisessa. Noin 80 % p\u00e4\u00e4st\u00f6ist\u00e4 p\u00e4\u00e4tet\u00e4\u00e4n kunnissa. Oulussa t\u00e4ytyy alkaa tehd\u00e4 kunnianhimoista ilmastoty\u00f6t\u00e4. Tavoite hiilineutraaliudesta t\u00e4ytyy olla nykyist\u00e4 2040 -vuotta paljon kunniainhimoisempi tai muuten j\u00e4\u00e4mme muiden isojen kaupunkien joukossa yksin saastuttamaan viel\u00e4 2030-luvulla.&nbsp;<\/p>\n\n\n\n<figure class=\"wp-block-image size-large\"><a href=\"https:\/\/jennipitko.fi\/koti\/wp-content\/uploads\/2021\/03\/TOIMENPIDE-ehdotukset-_.png\"><img decoding=\"async\" src=\"https:\/\/jennipitko.fi\/koti\/wp-content\/uploads\/2021\/03\/TOIMENPIDE-ehdotukset-_.png\" alt=\"TOIMENPIDE Ehdotukset\" class=\"wp-image-2559\" title=\"Kuntavaalit 2021\"><\/a><\/figure>\n\n\n\n<ol class=\"wp-block-list\"><li>Energiantuotannossa on teht\u00e4v\u00e4 suunnitelma turpeesta luopumiseksi. Seuraavat suuret kaukol\u00e4mp\u00f6investoinnit tulee tehd\u00e4 polttoon perustumattomiin teknologioihin, kuten l\u00e4mp\u00f6pumppuihin. Uusien turvesoiden avaaminen on lopetettava. Energiantuotannon p\u00e4\u00e4st\u00f6jen leikkaaminen on kriittisen t\u00e4rke\u00e4\u00e4 my\u00f6s, jotta pient\u00e4 hiilijalanj\u00e4lke\u00e4 tavoittelevat yritykset voivat sijoittua Ouluun.<\/li><li>Nyt on korkea aika tehd\u00e4 kaupunkilaisille helpoksi ilmastoyst\u00e4v\u00e4lliset valinnat. Liikenteess\u00e4 on priorisoitava aidosti kest\u00e4vi\u00e4 kulkumuotoja: joukkoliikennett\u00e4, k\u00e4vely\u00e4 ja py\u00f6r\u00e4ily\u00e4. Tarvitsemme enemm\u00e4n busseja liikkeelle, jotta v\u00e4h\u00e4p\u00e4\u00e4st\u00f6inen joukkoliikenne olisi aito vaihtoehto yh\u00e4 useammalle oululaiselle. L\u00e4hijunapilotti tulisi k\u00e4ynnist\u00e4\u00e4 mahdollisimman pian.&nbsp;<\/li><li>Kaupunki tulee rakentaa tiiviin\u00e4 verkostokaupunkina, jossa palvelut l\u00f6ytyv\u00e4t l\u00e4helt\u00e4 ja riippuvuus omasta autosta v\u00e4henee. Uuden rakentamisen pit\u00e4isi olla p\u00e4\u00e4asiassa t\u00e4ydennysrakentamista.&nbsp;<\/li><li>Oulun kaupunki on Suomen suurimpia mets\u00e4nomistajia. Metsien hiilivarastoa tulee vaalia ja metsienhoidossa huomioida ilmasto sek\u00e4 puuston ett\u00e4 maaper\u00e4n osalta.<\/li><li>Puuta rakennusmateriaalina pit\u00e4\u00e4 lis\u00e4t\u00e4 kaupungin omassa rakentamisessa.<\/li><\/ol>\n","protected":false},"excerpt":{"rendered":"<p>El\u00e4v\u00e4n kaupungin ja luonnon puolestaEhdolla Oulun kaupunginvaltuustoon numerolla 74 Olen ehdolla kuntavaaleissa kolmannelle valtuustokaudelle sill\u00e4 haluan olla kehitt\u00e4m\u00e4ss\u00e4 rakasta kotikaupunkiani [&hellip;]<\/p>\n","protected":false},"author":1,"featured_media":0,"parent":0,"menu_order":0,"comment_status":"closed","ping_status":"closed","template":"","meta":{"_monsterinsights_skip_tracking":false,"_monsterinsights_sitenote_active":false,"_monsterinsights_sitenote_note":"","_monsterinsights_sitenote_category":0,"site-sidebar-layout":"default","site-content-layout":"","ast-site-content-layout":"default","site-content-style":"default","site-sidebar-style":"default","ast-global-header-display":"","ast-banner-title-visibility":"","ast-main-header-display":"","ast-hfb-above-header-display":"","ast-hfb-below-header-display":"","ast-hfb-mobile-header-display":"","site-post-title":"","ast-breadcrumbs-content":"","ast-featured-img":"","footer-sml-layout":"","ast-disable-related-posts":"","theme-transparent-header-meta":"","adv-header-id-meta":"","stick-header-meta":"","header-above-stick-meta":"","header-main-stick-meta":"","header-below-stick-meta":"","astra-migrate-meta-layouts":"default","ast-page-background-enabled":"default","ast-page-background-meta":{"desktop":{"background-color":"var(--ast-global-color-5)","background-image":"","background-repeat":"repeat","background-position":"center center","background-size":"auto","background-attachment":"scroll","background-type":"","background-media":"","overlay-type":"","overlay-color":"","overlay-opacity":"","overlay-gradient":""},"tablet":{"background-color":"","background-image":"","background-repeat":"repeat","background-position":"center center","background-size":"auto","background-attachment":"scroll","background-type":"","background-media":"","overlay-type":"","overlay-color":"","overlay-opacity":"","overlay-gradient":""},"mobile":{"background-color":"","background-image":"","background-repeat":"repeat","background-position":"center center","background-size":"auto","background-attachment":"scroll","background-type":"","background-media":"","overlay-type":"","overlay-color":"","overlay-opacity":"","overlay-gradient":""}},"ast-content-background-meta":{"desktop":{"background-color":"var(--ast-global-color-4)","background-image":"","background-repeat":"repeat","background-position":"center center","background-size":"auto","background-attachment":"scroll","background-type":"","background-media":"","overlay-type":"","overlay-color":"","overlay-opacity":"","overlay-gradient":""},"tablet":{"background-color":"var(--ast-global-color-4)","background-image":"","background-repeat":"repeat","background-position":"center center","background-size":"auto","background-attachment":"scroll","background-type":"","background-media":"","overlay-type":"","overlay-color":"","overlay-opacity":"","overlay-gradient":""},"mobile":{"background-color":"var(--ast-global-color-4)","background-image":"","background-repeat":"repeat","background-position":"center center","background-size":"auto","background-attachment":"scroll","background-type":"","background-media":"","overlay-type":"","overlay-color":"","overlay-opacity":"","overlay-gradient":""}},"footnotes":""},"class_list":["post-2441","page","type-page","status-publish","hentry"],"yoast_head":"<!-- This site is optimized with the Yoast SEO plugin v27.5 - https:\/\/yoast.com\/product\/yoast-seo-wordpress\/ -->\n<title>Kuntavaalit 2021 - Jenni Pitko - Vihreiden varapuheenjohtaja, ymp\u00e4rist\u00f6valiokunnan puheenjohtaja, kansanedustaja ja arkkitehti Oulusta<\/title>\n<meta name=\"robots\" content=\"index, follow, max-snippet:-1, max-image-preview:large, max-video-preview:-1\" \/>\n<link rel=\"canonical\" href=\"https:\/\/jennipitko.fi\/koti\/kuntavaalit\/\" \/>\n<meta property=\"og:locale\" content=\"fi_FI\" \/>\n<meta property=\"og:type\" content=\"article\" \/>\n<meta property=\"og:title\" content=\"Kuntavaalit 2021 - Jenni Pitko - Vihreiden varapuheenjohtaja, ymp\u00e4rist\u00f6valiokunnan puheenjohtaja, kansanedustaja ja arkkitehti Oulusta\" \/>\n<meta property=\"og:description\" content=\"El\u00e4v\u00e4n kaupungin ja luonnon puolestaEhdolla Oulun kaupunginvaltuustoon numerolla 74 Olen ehdolla kuntavaaleissa kolmannelle valtuustokaudelle sill\u00e4 haluan olla kehitt\u00e4m\u00e4ss\u00e4 rakasta kotikaupunkiani [&hellip;]\" \/>\n<meta property=\"og:url\" content=\"https:\/\/jennipitko.fi\/koti\/kuntavaalit\/\" \/>\n<meta property=\"og:site_name\" content=\"Jenni Pitko - Vihreiden varapuheenjohtaja, ymp\u00e4rist\u00f6valiokunnan puheenjohtaja, kansanedustaja ja arkkitehti Oulusta\" \/>\n<meta property=\"article:modified_time\" content=\"2021-06-10T12:30:20+00:00\" \/>\n<meta property=\"og:image\" content=\"https:\/\/jennipitko.fi\/koti\/wp-content\/uploads\/2021\/03\/Untitled-design.gif\" \/>\n<meta name=\"twitter:card\" content=\"summary_large_image\" \/>\n<meta name=\"twitter:label1\" content=\"Arvioitu lukuaika\" \/>\n\t<meta name=\"twitter:data1\" content=\"5 minuuttia\" \/>\n<script type=\"application\/ld+json\" class=\"yoast-schema-graph\">{\"@context\":\"https:\\\/\\\/schema.org\",\"@graph\":[{\"@type\":\"WebPage\",\"@id\":\"https:\\\/\\\/jennipitko.fi\\\/koti\\\/kuntavaalit\\\/\",\"url\":\"https:\\\/\\\/jennipitko.fi\\\/koti\\\/kuntavaalit\\\/\",\"name\":\"Kuntavaalit 2021 - Jenni Pitko - Vihreiden varapuheenjohtaja, ymp\u00e4rist\u00f6valiokunnan puheenjohtaja, kansanedustaja ja arkkitehti Oulusta\",\"isPartOf\":{\"@id\":\"https:\\\/\\\/jennipitko.fi\\\/koti\\\/#website\"},\"primaryImageOfPage\":{\"@id\":\"https:\\\/\\\/jennipitko.fi\\\/koti\\\/kuntavaalit\\\/#primaryimage\"},\"image\":{\"@id\":\"https:\\\/\\\/jennipitko.fi\\\/koti\\\/kuntavaalit\\\/#primaryimage\"},\"thumbnailUrl\":\"https:\\\/\\\/jennipitko.fi\\\/koti\\\/wp-content\\\/uploads\\\/2021\\\/03\\\/Untitled-design.gif\",\"datePublished\":\"2021-02-19T16:13:04+00:00\",\"dateModified\":\"2021-06-10T12:30:20+00:00\",\"breadcrumb\":{\"@id\":\"https:\\\/\\\/jennipitko.fi\\\/koti\\\/kuntavaalit\\\/#breadcrumb\"},\"inLanguage\":\"fi\",\"potentialAction\":[{\"@type\":\"ReadAction\",\"target\":[\"https:\\\/\\\/jennipitko.fi\\\/koti\\\/kuntavaalit\\\/\"]}]},{\"@type\":\"ImageObject\",\"inLanguage\":\"fi\",\"@id\":\"https:\\\/\\\/jennipitko.fi\\\/koti\\\/kuntavaalit\\\/#primaryimage\",\"url\":\"\",\"contentUrl\":\"\"},{\"@type\":\"BreadcrumbList\",\"@id\":\"https:\\\/\\\/jennipitko.fi\\\/koti\\\/kuntavaalit\\\/#breadcrumb\",\"itemListElement\":[{\"@type\":\"ListItem\",\"position\":1,\"name\":\"Home\",\"item\":\"https:\\\/\\\/jennipitko.fi\\\/koti\\\/\"},{\"@type\":\"ListItem\",\"position\":2,\"name\":\"Kuntavaalit 2021\"}]},{\"@type\":\"WebSite\",\"@id\":\"https:\\\/\\\/jennipitko.fi\\\/koti\\\/#website\",\"url\":\"https:\\\/\\\/jennipitko.fi\\\/koti\\\/\",\"name\":\"Jenni Pitko - Vihreiden varapuheenjohtaja, ymp\u00e4rist\u00f6valiokunnan puheenjohtaja, kansanedustaja ja arkkitehti Oulusta\",\"description\":\"Jenni Pitko - Vihreiden varapuheenjohtaja, ymp\u00e4rist\u00f6valiokunnan puheenjohtaja, kansanedustaja ja arkkitehti Oulusta\",\"publisher\":{\"@id\":\"https:\\\/\\\/jennipitko.fi\\\/koti\\\/#organization\"},\"potentialAction\":[{\"@type\":\"SearchAction\",\"target\":{\"@type\":\"EntryPoint\",\"urlTemplate\":\"https:\\\/\\\/jennipitko.fi\\\/koti\\\/?s={search_term_string}\"},\"query-input\":{\"@type\":\"PropertyValueSpecification\",\"valueRequired\":true,\"valueName\":\"search_term_string\"}}],\"inLanguage\":\"fi\"},{\"@type\":\"Organization\",\"@id\":\"https:\\\/\\\/jennipitko.fi\\\/koti\\\/#organization\",\"name\":\"Jenni Pitko - Vihreiden varapuheenjohtaja, ymp\u00e4rist\u00f6valiokunnan puheenjohtaja, kansanedustaja ja arkkitehti Oulusta\",\"url\":\"https:\\\/\\\/jennipitko.fi\\\/koti\\\/\",\"logo\":{\"@type\":\"ImageObject\",\"inLanguage\":\"fi\",\"@id\":\"https:\\\/\\\/jennipitko.fi\\\/koti\\\/#\\\/schema\\\/logo\\\/image\\\/\",\"url\":\"https:\\\/\\\/jennipitko.fi\\\/koti\\\/wp-content\\\/uploads\\\/2025\\\/09\\\/Nimeton-malli-38.png\",\"contentUrl\":\"https:\\\/\\\/jennipitko.fi\\\/koti\\\/wp-content\\\/uploads\\\/2025\\\/09\\\/Nimeton-malli-38.png\",\"width\":1280,\"height\":847,\"caption\":\"Jenni Pitko - Vihreiden varapuheenjohtaja, ymp\u00e4rist\u00f6valiokunnan puheenjohtaja, kansanedustaja ja arkkitehti Oulusta\"},\"image\":{\"@id\":\"https:\\\/\\\/jennipitko.fi\\\/koti\\\/#\\\/schema\\\/logo\\\/image\\\/\"}}]}<\/script>\n<!-- \/ Yoast SEO plugin. -->","yoast_head_json":{"title":"Kuntavaalit 2021 - Jenni Pitko - Vihreiden varapuheenjohtaja, ymp\u00e4rist\u00f6valiokunnan puheenjohtaja, kansanedustaja ja arkkitehti Oulusta","robots":{"index":"index","follow":"follow","max-snippet":"max-snippet:-1","max-image-preview":"max-image-preview:large","max-video-preview":"max-video-preview:-1"},"canonical":"https:\/\/jennipitko.fi\/koti\/kuntavaalit\/","og_locale":"fi_FI","og_type":"article","og_title":"Kuntavaalit 2021 - Jenni Pitko - Vihreiden varapuheenjohtaja, ymp\u00e4rist\u00f6valiokunnan puheenjohtaja, kansanedustaja ja arkkitehti Oulusta","og_description":"El\u00e4v\u00e4n kaupungin ja luonnon puolestaEhdolla Oulun kaupunginvaltuustoon numerolla 74 Olen ehdolla kuntavaaleissa kolmannelle valtuustokaudelle sill\u00e4 haluan olla kehitt\u00e4m\u00e4ss\u00e4 rakasta kotikaupunkiani [&hellip;]","og_url":"https:\/\/jennipitko.fi\/koti\/kuntavaalit\/","og_site_name":"Jenni Pitko - Vihreiden varapuheenjohtaja, ymp\u00e4rist\u00f6valiokunnan puheenjohtaja, kansanedustaja ja arkkitehti Oulusta","article_modified_time":"2021-06-10T12:30:20+00:00","og_image":[{"url":"https:\/\/jennipitko.fi\/koti\/wp-content\/uploads\/2021\/03\/Untitled-design.gif","type":"","width":"","height":""}],"twitter_card":"summary_large_image","twitter_misc":{"Arvioitu lukuaika":"5 minuuttia"},"schema":{"@context":"https:\/\/schema.org","@graph":[{"@type":"WebPage","@id":"https:\/\/jennipitko.fi\/koti\/kuntavaalit\/","url":"https:\/\/jennipitko.fi\/koti\/kuntavaalit\/","name":"Kuntavaalit 2021 - Jenni Pitko - Vihreiden varapuheenjohtaja, ymp\u00e4rist\u00f6valiokunnan puheenjohtaja, kansanedustaja ja arkkitehti Oulusta","isPartOf":{"@id":"https:\/\/jennipitko.fi\/koti\/#website"},"primaryImageOfPage":{"@id":"https:\/\/jennipitko.fi\/koti\/kuntavaalit\/#primaryimage"},"image":{"@id":"https:\/\/jennipitko.fi\/koti\/kuntavaalit\/#primaryimage"},"thumbnailUrl":"https:\/\/jennipitko.fi\/koti\/wp-content\/uploads\/2021\/03\/Untitled-design.gif","datePublished":"2021-02-19T16:13:04+00:00","dateModified":"2021-06-10T12:30:20+00:00","breadcrumb":{"@id":"https:\/\/jennipitko.fi\/koti\/kuntavaalit\/#breadcrumb"},"inLanguage":"fi","potentialAction":[{"@type":"ReadAction","target":["https:\/\/jennipitko.fi\/koti\/kuntavaalit\/"]}]},{"@type":"ImageObject","inLanguage":"fi","@id":"https:\/\/jennipitko.fi\/koti\/kuntavaalit\/#primaryimage","url":"","contentUrl":""},{"@type":"BreadcrumbList","@id":"https:\/\/jennipitko.fi\/koti\/kuntavaalit\/#breadcrumb","itemListElement":[{"@type":"ListItem","position":1,"name":"Home","item":"https:\/\/jennipitko.fi\/koti\/"},{"@type":"ListItem","position":2,"name":"Kuntavaalit 2021"}]},{"@type":"WebSite","@id":"https:\/\/jennipitko.fi\/koti\/#website","url":"https:\/\/jennipitko.fi\/koti\/","name":"Jenni Pitko - Vihreiden varapuheenjohtaja, ymp\u00e4rist\u00f6valiokunnan puheenjohtaja, kansanedustaja ja arkkitehti Oulusta","description":"Jenni Pitko - Vihreiden varapuheenjohtaja, ymp\u00e4rist\u00f6valiokunnan puheenjohtaja, kansanedustaja ja arkkitehti Oulusta","publisher":{"@id":"https:\/\/jennipitko.fi\/koti\/#organization"},"potentialAction":[{"@type":"SearchAction","target":{"@type":"EntryPoint","urlTemplate":"https:\/\/jennipitko.fi\/koti\/?s={search_term_string}"},"query-input":{"@type":"PropertyValueSpecification","valueRequired":true,"valueName":"search_term_string"}}],"inLanguage":"fi"},{"@type":"Organization","@id":"https:\/\/jennipitko.fi\/koti\/#organization","name":"Jenni Pitko - Vihreiden varapuheenjohtaja, ymp\u00e4rist\u00f6valiokunnan puheenjohtaja, kansanedustaja ja arkkitehti Oulusta","url":"https:\/\/jennipitko.fi\/koti\/","logo":{"@type":"ImageObject","inLanguage":"fi","@id":"https:\/\/jennipitko.fi\/koti\/#\/schema\/logo\/image\/","url":"https:\/\/jennipitko.fi\/koti\/wp-content\/uploads\/2025\/09\/Nimeton-malli-38.png","contentUrl":"https:\/\/jennipitko.fi\/koti\/wp-content\/uploads\/2025\/09\/Nimeton-malli-38.png","width":1280,"height":847,"caption":"Jenni Pitko - Vihreiden varapuheenjohtaja, ymp\u00e4rist\u00f6valiokunnan puheenjohtaja, kansanedustaja ja arkkitehti Oulusta"},"image":{"@id":"https:\/\/jennipitko.fi\/koti\/#\/schema\/logo\/image\/"}}]}},"_links":{"self":[{"href":"https:\/\/jennipitko.fi\/koti\/wp-json\/wp\/v2\/pages\/2441","targetHints":{"allow":["GET"]}}],"collection":[{"href":"https:\/\/jennipitko.fi\/koti\/wp-json\/wp\/v2\/pages"}],"about":[{"href":"https:\/\/jennipitko.fi\/koti\/wp-json\/wp\/v2\/types\/page"}],"author":[{"embeddable":true,"href":"https:\/\/jennipitko.fi\/koti\/wp-json\/wp\/v2\/users\/1"}],"replies":[{"embeddable":true,"href":"https:\/\/jennipitko.fi\/koti\/wp-json\/wp\/v2\/comments?post=2441"}],"version-history":[{"count":2,"href":"https:\/\/jennipitko.fi\/koti\/wp-json\/wp\/v2\/pages\/2441\/revisions"}],"predecessor-version":[{"id":2682,"href":"https:\/\/jennipitko.fi\/koti\/wp-json\/wp\/v2\/pages\/2441\/revisions\/2682"}],"wp:attachment":[{"href":"https:\/\/jennipitko.fi\/koti\/wp-json\/wp\/v2\/media?parent=2441"}],"curies":[{"name":"wp","href":"https:\/\/api.w.org\/{rel}","templated":true}]}}