{"id":3338,"date":"2025-09-20T13:35:55","date_gmt":"2025-09-20T11:35:55","guid":{"rendered":"https:\/\/jennipitko.fi\/koti\/?page_id=3338"},"modified":"2025-10-16T12:41:46","modified_gmt":"2025-10-16T10:41:46","slug":"blogi","status":"publish","type":"page","link":"https:\/\/jennipitko.fi\/koti\/blogi\/","title":{"rendered":"Blogi"},"content":{"rendered":"\t\t<div data-elementor-type=\"wp-page\" data-elementor-id=\"3338\" class=\"elementor elementor-3338\">\n\t\t\t\t<div class=\"elementor-element elementor-element-17a7fb5 e-flex e-con-boxed e-con e-parent\" data-id=\"17a7fb5\" data-element_type=\"container\" data-e-type=\"container\" data-settings=\"{&quot;background_background&quot;:&quot;classic&quot;}\">\n\t\t\t\t\t<div class=\"e-con-inner\">\n\t\t<div class=\"elementor-element elementor-element-fa58e61 e-con-full e-flex e-con e-child\" data-id=\"fa58e61\" data-element_type=\"container\" data-e-type=\"container\" data-settings=\"{&quot;background_background&quot;:&quot;classic&quot;}\">\n\t\t<div class=\"elementor-element elementor-element-8a6c526 e-flex e-con-boxed e-con e-child\" data-id=\"8a6c526\" data-element_type=\"container\" data-e-type=\"container\">\n\t\t\t\t\t<div class=\"e-con-inner\">\n\t\t\t\t<div class=\"elementor-element elementor-element-a2d50da elementor-widget elementor-widget-spacer\" data-id=\"a2d50da\" data-element_type=\"widget\" data-e-type=\"widget\" data-widget_type=\"spacer.default\">\n\t\t\t\t<div class=\"elementor-widget-container\">\n\t\t\t\t\t\t\t<div class=\"elementor-spacer\">\n\t\t\t<div class=\"elementor-spacer-inner\"><\/div>\n\t\t<\/div>\n\t\t\t\t\t\t<\/div>\n\t\t\t\t<\/div>\n\t\t\t\t<div class=\"elementor-element elementor-element-57e52e4 elementor-widget elementor-widget-heading\" data-id=\"57e52e4\" data-element_type=\"widget\" data-e-type=\"widget\" data-widget_type=\"heading.default\">\n\t\t\t\t<div class=\"elementor-widget-container\">\n\t\t\t\t\t<h1 class=\"elementor-heading-title elementor-size-default\">Blogi<\/h1>\t\t\t\t<\/div>\n\t\t\t\t<\/div>\n\t\t<div class=\"elementor-element elementor-element-73ffec6 e-grid e-con-full e-con e-child\" data-id=\"73ffec6\" data-element_type=\"container\" data-e-type=\"container\">\n\t\t\t\t<div class=\"elementor-element elementor-element-99bdedf elementor-widget__width-initial elementor-mobile-align-left elementor-widget elementor-widget-button\" data-id=\"99bdedf\" data-element_type=\"widget\" data-e-type=\"widget\" data-widget_type=\"button.default\">\n\t\t\t\t<div class=\"elementor-widget-container\">\n\t\t\t\t\t\t\t\t\t<div class=\"elementor-button-wrapper\">\n\t\t\t\t\t<a class=\"elementor-button elementor-button-link elementor-size-sm\" href=\"https:\/\/jennipitko.fi\/koti\/tilaa-uutiskirje\/\">\n\t\t\t\t\t\t<span class=\"elementor-button-content-wrapper\">\n\t\t\t\t\t\t\t\t\t<span class=\"elementor-button-text\">Tilaa uutiskirje<\/span>\n\t\t\t\t\t<\/span>\n\t\t\t\t\t<\/a>\n\t\t\t\t<\/div>\n\t\t\t\t\t\t\t\t<\/div>\n\t\t\t\t<\/div>\n\t\t\t\t<div class=\"elementor-element elementor-element-d2e53e7 elementor-widget__width-initial elementor-mobile-align-left elementor-widget elementor-widget-button\" data-id=\"d2e53e7\" data-element_type=\"widget\" data-e-type=\"widget\" data-widget_type=\"button.default\">\n\t\t\t\t<div class=\"elementor-widget-container\">\n\t\t\t\t\t\t\t\t\t<div class=\"elementor-button-wrapper\">\n\t\t\t\t\t<a class=\"elementor-button elementor-button-link elementor-size-sm\" href=\"https:\/\/jennipitko.fi\/koti\/yhteys\/\">\n\t\t\t\t\t\t<span class=\"elementor-button-content-wrapper\">\n\t\t\t\t\t\t\t\t\t<span class=\"elementor-button-text\">Liity tukiryhm\u00e4\u00e4n<\/span>\n\t\t\t\t\t<\/span>\n\t\t\t\t\t<\/a>\n\t\t\t\t<\/div>\n\t\t\t\t\t\t\t\t<\/div>\n\t\t\t\t<\/div>\n\t\t\t\t<\/div>\n\t\t\t\t\t<\/div>\n\t\t\t\t<\/div>\n\t\t\t\t<\/div>\n\t\t\t\t\t<\/div>\n\t\t\t\t<\/div>\n\t\t<div class=\"elementor-element elementor-element-f465196 e-flex e-con-boxed e-con e-parent\" data-id=\"f465196\" data-element_type=\"container\" data-e-type=\"container\" data-settings=\"{&quot;background_background&quot;:&quot;classic&quot;}\">\n\t\t\t\t\t<div class=\"e-con-inner\">\n\t\t\t\t<div class=\"elementor-element elementor-element-5bfafa9 elementor-widget elementor-widget-spacer\" data-id=\"5bfafa9\" data-element_type=\"widget\" data-e-type=\"widget\" data-widget_type=\"spacer.default\">\n\t\t\t\t<div class=\"elementor-widget-container\">\n\t\t\t\t\t\t\t<div class=\"elementor-spacer\">\n\t\t\t<div class=\"elementor-spacer-inner\"><\/div>\n\t\t<\/div>\n\t\t\t\t\t\t<\/div>\n\t\t\t\t<\/div>\n\t\t\t\t\t<\/div>\n\t\t\t\t<\/div>\n\t\t<div class=\"elementor-element elementor-element-6d629cd e-flex e-con-boxed e-con e-parent\" data-id=\"6d629cd\" data-element_type=\"container\" data-e-type=\"container\">\n\t\t\t\t\t<div class=\"e-con-inner\">\n\t\t\t\t<div class=\"elementor-element elementor-element-00e35cb elementor-widget-mobile__width-inherit elementor-widget elementor-widget-hfe-basic-posts\" data-id=\"00e35cb\" data-element_type=\"widget\" data-e-type=\"widget\" data-widget_type=\"hfe-basic-posts.default\">\n\t\t\t\t<div class=\"elementor-widget-container\">\n\t\t\t\t\t\n<div class=\"hfe-posts-grid\">\n\t\t\t<article class=\"hfe-post-card\">\n\t\t\t\n\t\t\t<div class=\"hfe-post-content\">\n\t\t\t\t\t\t\t\t\t<h1 class=\"hfe-post-title\">\n\t\t\t\t\t\t<a href=\"https:\/\/jennipitko.fi\/koti\/kirjallinen-kysymys-koirankasvatuksen-verokohtelusta\/\" rel=\"bookmark\">\n\t\t\t\t\t\t\tKirjallinen kysymys Koirankasvatuksen verokohtelusta\t\t\t\t\t\t<\/a>\n\t\t\t\t\t<\/h1>\n\t\t\t\t\n\t\t\t\t\t\t\t\t\t<div class=\"hfe-post-meta\">\n\t\t\t\t\t\t<span class=\"hfe-post-date\">3 joulukuun, 2025<\/span><span class=\"hfe-meta-separator\"> | <\/span><span class=\"hfe-post-author\">by Eetu Kreivi<\/span>\t\t\t\t\t<\/div>\n\t\t\t\t\n\t\t\t\t\t\t\t\t\t<div class=\"hfe-post-excerpt\">\n\t\t\t\t\t\tKennelliitto ja verohallinto ovat pitk\u00e4\u00e4n k\u00e4yneet keskustelua siit\u00e4, miten verotuksessa koirankasvattamisen menoja ei hyv\u00e4ksyt\u00e4 verov\u00e4hennyskelpoiseksi samalla tavoin kuin monia muita [&hellip;]\t\t\t\t\t<\/div>\n\t\t\t\t\n\t\t\t\t\t\t\t\t\t<a href=\"https:\/\/jennipitko.fi\/koti\/kirjallinen-kysymys-koirankasvatuksen-verokohtelusta\/\" class=\"hfe-read-more\" rel=\"bookmark\">\n\t\t\t\t\t\tRead More \u2192\t\t\t\t\t<\/a>\n\t\t\t\t\t\t\t<\/div>\n\t\t<\/article>\n\t\t<\/div>\n\t\t\t\t<\/div>\n\t\t\t\t<\/div>\n\t\t\t\t\t<\/div>\n\t\t\t\t<\/div>\n\t\t<div class=\"elementor-element elementor-element-85ac69c e-flex e-con-boxed e-con e-parent\" data-id=\"85ac69c\" data-element_type=\"container\" data-e-type=\"container\">\n\t\t\t\t\t<div class=\"e-con-inner\">\n\t\t\t\t<div class=\"elementor-element elementor-element-4a5728b elementor-widget elementor-widget-spacer\" data-id=\"4a5728b\" data-element_type=\"widget\" data-e-type=\"widget\" data-widget_type=\"spacer.default\">\n\t\t\t\t<div class=\"elementor-widget-container\">\n\t\t\t\t\t\t\t<div class=\"elementor-spacer\">\n\t\t\t<div class=\"elementor-spacer-inner\"><\/div>\n\t\t<\/div>\n\t\t\t\t\t\t<\/div>\n\t\t\t\t<\/div>\n\t\t\t\t<div class=\"elementor-element elementor-element-07147bc elementor-widget-divider--view-line elementor-widget elementor-widget-divider\" data-id=\"07147bc\" data-element_type=\"widget\" data-e-type=\"widget\" data-widget_type=\"divider.default\">\n\t\t\t\t<div class=\"elementor-widget-container\">\n\t\t\t\t\t\t\t<div class=\"elementor-divider\">\n\t\t\t<span class=\"elementor-divider-separator\">\n\t\t\t\t\t\t<\/span>\n\t\t<\/div>\n\t\t\t\t\t\t<\/div>\n\t\t\t\t<\/div>\n\t\t\t\t\t<\/div>\n\t\t\t\t<\/div>\n\t\t<div class=\"elementor-element elementor-element-e89d4ec e-flex e-con-boxed e-con e-parent\" data-id=\"e89d4ec\" data-element_type=\"container\" data-e-type=\"container\">\n\t\t\t\t\t<div class=\"e-con-inner\">\n\t\t\t\t<div class=\"elementor-element elementor-element-6491880 elementor-widget elementor-widget-heading\" data-id=\"6491880\" data-element_type=\"widget\" data-e-type=\"widget\" data-widget_type=\"heading.default\">\n\t\t\t\t<div class=\"elementor-widget-container\">\n\t\t\t\t\t<h2 class=\"elementor-heading-title elementor-size-default\">AIEMMAT JULKAISUT<\/h2>\t\t\t\t<\/div>\n\t\t\t\t<\/div>\n\t\t\t\t\t<\/div>\n\t\t\t\t<\/div>\n\t\t<div class=\"elementor-element elementor-element-30f4585 e-flex e-con-boxed e-con e-parent\" data-id=\"30f4585\" data-element_type=\"container\" data-e-type=\"container\">\n\t\t\t\t\t<div class=\"e-con-inner\">\n\t\t\t\t<div class=\"elementor-element elementor-element-376c66b elementor-widget-mobile__width-inherit elementor-widget elementor-widget-hfe-basic-posts\" data-id=\"376c66b\" data-element_type=\"widget\" data-e-type=\"widget\" data-widget_type=\"hfe-basic-posts.default\">\n\t\t\t\t<div class=\"elementor-widget-container\">\n\t\t\t\t\t\n<div class=\"hfe-posts-grid\">\n\t\t\t<article class=\"hfe-post-card\">\n\t\t\t\n\t\t\t<div class=\"hfe-post-content\">\n\t\t\t\t\t\t\t\t\t<h3 class=\"hfe-post-title\">\n\t\t\t\t\t\t<a href=\"https:\/\/jennipitko.fi\/koti\/kirjallinen-kysymys-koirankasvatuksen-verokohtelusta\/\" rel=\"bookmark\">\n\t\t\t\t\t\t\tKirjallinen kysymys Koirankasvatuksen verokohtelusta\t\t\t\t\t\t<\/a>\n\t\t\t\t\t<\/h3>\n\t\t\t\t\n\t\t\t\t\t\t\t\t\t<div class=\"hfe-post-meta\">\n\t\t\t\t\t\t<span class=\"hfe-post-date\">3 joulukuun, 2025<\/span><span class=\"hfe-meta-separator\"> | <\/span><span class=\"hfe-post-author\">by Eetu Kreivi<\/span>\t\t\t\t\t<\/div>\n\t\t\t\t\n\t\t\t\t\t\t\t\t\t<div class=\"hfe-post-excerpt\">\n\t\t\t\t\t\tKennelliitto ja verohallinto ovat pitk\u00e4\u00e4n k\u00e4yneet keskustelua siit\u00e4, miten verotuksessa koirankasvattamisen menoja ei hyv\u00e4ksyt\u00e4 verov\u00e4hennyskelpoiseksi samalla tavoin kuin monia muita...\t\t\t\t\t<\/div>\n\t\t\t\t\n\t\t\t\t\t\t\t\t\t<a href=\"https:\/\/jennipitko.fi\/koti\/kirjallinen-kysymys-koirankasvatuksen-verokohtelusta\/\" class=\"hfe-read-more\" rel=\"bookmark\">\n\t\t\t\t\t\tRead More \u2192\t\t\t\t\t<\/a>\n\t\t\t\t\t\t\t<\/div>\n\t\t<\/article>\n\t\t\t\t<article class=\"hfe-post-card\">\n\t\t\t\t\t\t\t<div class=\"hfe-post-image\">\n\t\t\t\t\t<a href=\"https:\/\/jennipitko.fi\/koti\/puheeni-valtion-ensi-vuoden-budjetin-lahetekeskustelussa-23-9\/\" rel=\"bookmark\">\n\t\t\t\t\t\t<img loading=\"lazy\" decoding=\"async\" width=\"300\" height=\"199\" src=\"https:\/\/jennipitko.fi\/koti\/wp-content\/uploads\/2025\/09\/11-300x199.jpg\" class=\"attachment-medium size-medium wp-post-image\" alt=\"Puheeni valtion ensi vuoden budjetin l\u00e4hetekeskustelussa 23.9.\" loading=\"lazy\" srcset=\"https:\/\/jennipitko.fi\/koti\/wp-content\/uploads\/2025\/09\/11-300x199.jpg 300w, https:\/\/jennipitko.fi\/koti\/wp-content\/uploads\/2025\/09\/11-1024x678.jpg 1024w, https:\/\/jennipitko.fi\/koti\/wp-content\/uploads\/2025\/09\/11-768x508.jpg 768w, https:\/\/jennipitko.fi\/koti\/wp-content\/uploads\/2025\/09\/11.jpg 1280w\" sizes=\"auto, (max-width: 300px) 100vw, 300px\" title=\"Puheeni valtion ensi vuoden budjetin l\u00e4hetekeskustelussa 23.9.\">\t\t\t\t\t<\/a>\n\t\t\t\t<\/div>\n\t\t\t\n\t\t\t<div class=\"hfe-post-content\">\n\t\t\t\t\t\t\t\t\t<h3 class=\"hfe-post-title\">\n\t\t\t\t\t\t<a href=\"https:\/\/jennipitko.fi\/koti\/puheeni-valtion-ensi-vuoden-budjetin-lahetekeskustelussa-23-9\/\" rel=\"bookmark\">\n\t\t\t\t\t\t\tPuheeni valtion ensi vuoden budjetin l\u00e4hetekeskustelussa 23.9.\t\t\t\t\t\t<\/a>\n\t\t\t\t\t<\/h3>\n\t\t\t\t\n\t\t\t\t\t\t\t\t\t<div class=\"hfe-post-meta\">\n\t\t\t\t\t\t<span class=\"hfe-post-date\">29 syyskuun, 2025<\/span><span class=\"hfe-meta-separator\"> | <\/span><span class=\"hfe-post-author\">by Jenni<\/span>\t\t\t\t\t<\/div>\n\t\t\t\t\n\t\t\t\t\t\t\t\t\t<div class=\"hfe-post-excerpt\">\n\t\t\t\t\t\tHallituksen keskeinen tavoite on ollut talouden suunnan k\u00e4\u00e4nt\u00e4minen. Se on se syy, jolla hallitus itse tekemisens\u00e4 perustelee. Hyv\u00e4n hallitusohjelman nimiss\u00e4...\t\t\t\t\t<\/div>\n\t\t\t\t\n\t\t\t\t\t\t\t\t\t<a href=\"https:\/\/jennipitko.fi\/koti\/puheeni-valtion-ensi-vuoden-budjetin-lahetekeskustelussa-23-9\/\" class=\"hfe-read-more\" rel=\"bookmark\">\n\t\t\t\t\t\tRead More \u2192\t\t\t\t\t<\/a>\n\t\t\t\t\t\t\t<\/div>\n\t\t<\/article>\n\t\t\t\t<article class=\"hfe-post-card\">\n\t\t\t\t\t\t\t<div class=\"hfe-post-image\">\n\t\t\t\t\t<a href=\"https:\/\/jennipitko.fi\/koti\/oululaisuus-nakyy-ja-sailyy-rakennetussa-ymparistossa-jos-ymmarramme-vaalia-sita\/\" rel=\"bookmark\">\n\t\t\t\t\t\t<img loading=\"lazy\" decoding=\"async\" width=\"300\" height=\"199\" src=\"https:\/\/jennipitko.fi\/koti\/wp-content\/uploads\/2025\/09\/15-300x199.jpg\" class=\"attachment-medium size-medium wp-post-image\" alt=\"Oululaisuus n\u00e4kyy ja s\u00e4ilyy rakennetussa ymp\u00e4rist\u00f6ss\u00e4, jos ymm\u00e4rr\u00e4mme vaalia sit\u00e4\" loading=\"lazy\" srcset=\"https:\/\/jennipitko.fi\/koti\/wp-content\/uploads\/2025\/09\/15-300x199.jpg 300w, https:\/\/jennipitko.fi\/koti\/wp-content\/uploads\/2025\/09\/15-1024x678.jpg 1024w, https:\/\/jennipitko.fi\/koti\/wp-content\/uploads\/2025\/09\/15-768x508.jpg 768w, https:\/\/jennipitko.fi\/koti\/wp-content\/uploads\/2025\/09\/15.jpg 1280w\" sizes=\"auto, (max-width: 300px) 100vw, 300px\" title=\"Oululaisuus n\u00e4kyy ja s\u00e4ilyy rakennetussa ymp\u00e4rist\u00f6ss\u00e4, jos ymm\u00e4rr\u00e4mme vaalia sit\u00e4\">\t\t\t\t\t<\/a>\n\t\t\t\t<\/div>\n\t\t\t\n\t\t\t<div class=\"hfe-post-content\">\n\t\t\t\t\t\t\t\t\t<h3 class=\"hfe-post-title\">\n\t\t\t\t\t\t<a href=\"https:\/\/jennipitko.fi\/koti\/oululaisuus-nakyy-ja-sailyy-rakennetussa-ymparistossa-jos-ymmarramme-vaalia-sita\/\" rel=\"bookmark\">\n\t\t\t\t\t\t\tOululaisuus n\u00e4kyy ja s\u00e4ilyy rakennetussa ymp\u00e4rist\u00f6ss\u00e4, jos ymm\u00e4rr\u00e4mme vaalia sit\u00e4\t\t\t\t\t\t<\/a>\n\t\t\t\t\t<\/h3>\n\t\t\t\t\n\t\t\t\t\t\t\t\t\t<div class=\"hfe-post-meta\">\n\t\t\t\t\t\t<span class=\"hfe-post-date\">12 huhtikuun, 2025<\/span><span class=\"hfe-meta-separator\"> | <\/span><span class=\"hfe-post-author\">by Jenni<\/span>\t\t\t\t\t<\/div>\n\t\t\t\t\n\t\t\t\t\t\t\t\t\t<div class=\"hfe-post-excerpt\">\n\t\t\t\t\t\tYhdyskuntalautakunta esitti kulttuu\u00adriym\u00adp\u00e4\u00adrist\u00f6n teemay\u00adleiskaavan hylk\u00e4\u00e4mist\u00e4, koska sill\u00e4 ei n\u00e4hty olevan hy\u00f6ty\u00e4. Olen huolissani Oulun rakennetun kulttuurihistorian s\u00e4ilymisest\u00e4. Kulttuuriymp\u00e4rist\u00f6jen suojelun ei...\t\t\t\t\t<\/div>\n\t\t\t\t\n\t\t\t\t\t\t\t\t\t<a href=\"https:\/\/jennipitko.fi\/koti\/oululaisuus-nakyy-ja-sailyy-rakennetussa-ymparistossa-jos-ymmarramme-vaalia-sita\/\" class=\"hfe-read-more\" rel=\"bookmark\">\n\t\t\t\t\t\tRead More \u2192\t\t\t\t\t<\/a>\n\t\t\t\t\t\t\t<\/div>\n\t\t<\/article>\n\t\t\t\t<article class=\"hfe-post-card\">\n\t\t\t\t\t\t\t<div class=\"hfe-post-image\">\n\t\t\t\t\t<a href=\"https:\/\/jennipitko.fi\/koti\/luontopositiivinen-oulu-10-keinoa\/\" rel=\"bookmark\">\n\t\t\t\t\t\t<img loading=\"lazy\" decoding=\"async\" width=\"300\" height=\"199\" src=\"https:\/\/jennipitko.fi\/koti\/wp-content\/uploads\/2025\/09\/29-300x199.jpg\" class=\"attachment-medium size-medium wp-post-image\" alt=\"Luontopositiivinen Oulu &#8211; 10 keinoa\" loading=\"lazy\" srcset=\"https:\/\/jennipitko.fi\/koti\/wp-content\/uploads\/2025\/09\/29-300x199.jpg 300w, https:\/\/jennipitko.fi\/koti\/wp-content\/uploads\/2025\/09\/29-1024x678.jpg 1024w, https:\/\/jennipitko.fi\/koti\/wp-content\/uploads\/2025\/09\/29-768x508.jpg 768w, https:\/\/jennipitko.fi\/koti\/wp-content\/uploads\/2025\/09\/29.jpg 1280w\" sizes=\"auto, (max-width: 300px) 100vw, 300px\" title=\"Luontopositiivinen Oulu - 10 keinoa\">\t\t\t\t\t<\/a>\n\t\t\t\t<\/div>\n\t\t\t\n\t\t\t<div class=\"hfe-post-content\">\n\t\t\t\t\t\t\t\t\t<h3 class=\"hfe-post-title\">\n\t\t\t\t\t\t<a href=\"https:\/\/jennipitko.fi\/koti\/luontopositiivinen-oulu-10-keinoa\/\" rel=\"bookmark\">\n\t\t\t\t\t\t\tLuontopositiivinen Oulu &#8211; 10 keinoa\t\t\t\t\t\t<\/a>\n\t\t\t\t\t<\/h3>\n\t\t\t\t\n\t\t\t\t\t\t\t\t\t<div class=\"hfe-post-meta\">\n\t\t\t\t\t\t<span class=\"hfe-post-date\">12 huhtikuun, 2025<\/span><span class=\"hfe-meta-separator\"> | <\/span><span class=\"hfe-post-author\">by Jenni<\/span>\t\t\t\t\t<\/div>\n\t\t\t\t\n\t\t\t\t\t\t\t\t\t<div class=\"hfe-post-excerpt\">\n\t\t\t\t\t\tKuntavaalit on my\u00f6s luontovaalit. T\u00e4ss\u00e4 10 keinoa tehd\u00e4 luontopositiivista Oulua!\t\t\t\t\t<\/div>\n\t\t\t\t\n\t\t\t\t\t\t\t\t\t<a href=\"https:\/\/jennipitko.fi\/koti\/luontopositiivinen-oulu-10-keinoa\/\" class=\"hfe-read-more\" rel=\"bookmark\">\n\t\t\t\t\t\tRead More \u2192\t\t\t\t\t<\/a>\n\t\t\t\t\t\t\t<\/div>\n\t\t<\/article>\n\t\t\t\t<article class=\"hfe-post-card\">\n\t\t\t\n\t\t\t<div class=\"hfe-post-content\">\n\t\t\t\t\t\t\t\t\t<h3 class=\"hfe-post-title\">\n\t\t\t\t\t\t<a href=\"https:\/\/jennipitko.fi\/koti\/kuntavaalit\/\" rel=\"bookmark\">\n\t\t\t\t\t\t\tKuntavaalit\t\t\t\t\t\t<\/a>\n\t\t\t\t\t<\/h3>\n\t\t\t\t\n\t\t\t\t\t\t\t\t\t<div class=\"hfe-post-meta\">\n\t\t\t\t\t\t<span class=\"hfe-post-date\">23 maaliskuun, 2025<\/span><span class=\"hfe-meta-separator\"> | <\/span><span class=\"hfe-post-author\">by Jenni<\/span>\t\t\t\t\t<\/div>\n\t\t\t\t\n\t\t\t\t\t\t\t\t\t<div class=\"hfe-post-excerpt\">\n\t\t\t\t\t\tOlen ehdolla kuntavaaleissa numerolla 304. Olen tehnyt Oulun kaupunginvaltuustossa kolmen kauden ajan t\u00f6it\u00e4 sen eteen, ett\u00e4 Oulu olisi vetovoimainen, kullttuuriymp\u00e4rist\u00f6j\u00e4...\t\t\t\t\t<\/div>\n\t\t\t\t\n\t\t\t\t\t\t\t\t\t<a href=\"https:\/\/jennipitko.fi\/koti\/kuntavaalit\/\" class=\"hfe-read-more\" rel=\"bookmark\">\n\t\t\t\t\t\tRead More \u2192\t\t\t\t\t<\/a>\n\t\t\t\t\t\t\t<\/div>\n\t\t<\/article>\n\t\t\t\t<article class=\"hfe-post-card\">\n\t\t\t\n\t\t\t<div class=\"hfe-post-content\">\n\t\t\t\t\t\t\t\t\t<h3 class=\"hfe-post-title\">\n\t\t\t\t\t\t<a href=\"https:\/\/jennipitko.fi\/koti\/en-hae-vihreiden-puheenjohtajaksi\/\" rel=\"bookmark\">\n\t\t\t\t\t\t\tEn hae vihreiden puheenjohtajaksi\t\t\t\t\t\t<\/a>\n\t\t\t\t\t<\/h3>\n\t\t\t\t\n\t\t\t\t\t\t\t\t\t<div class=\"hfe-post-meta\">\n\t\t\t\t\t\t<span class=\"hfe-post-date\">21 huhtikuun, 2023<\/span><span class=\"hfe-meta-separator\"> | <\/span><span class=\"hfe-post-author\">by Jenni<\/span>\t\t\t\t\t<\/div>\n\t\t\t\t\n\t\t\t\t\t\t\t\t\t<div class=\"hfe-post-excerpt\">\n\t\t\t\t\t\tOlen p\u00e4\u00e4tynyt siihen, ett\u00e4 en hae vihreiden puheenjohtajaksi. Pitk\u00e4n pohdinnan j\u00e4lkeen tunnen, ett\u00e4 minulla ei juuri t\u00e4ss\u00e4 hetkess\u00e4 ole tarvittavaa...\t\t\t\t\t<\/div>\n\t\t\t\t\n\t\t\t\t\t\t\t\t\t<a href=\"https:\/\/jennipitko.fi\/koti\/en-hae-vihreiden-puheenjohtajaksi\/\" class=\"hfe-read-more\" rel=\"bookmark\">\n\t\t\t\t\t\tRead More \u2192\t\t\t\t\t<\/a>\n\t\t\t\t\t\t\t<\/div>\n\t\t<\/article>\n\t\t<\/div>\n\t\t\t\t<\/div>\n\t\t\t\t<\/div>\n\t\t\t\t\t<\/div>\n\t\t\t\t<\/div>\n\t\t\t\t<section class=\"elementor-section elementor-top-section elementor-element elementor-element-22d60e7e elementor-section-full_width elementor-section-content-middle elementor-section-stretched elementor-section-height-default elementor-section-height-default\" data-id=\"22d60e7e\" data-element_type=\"section\" data-e-type=\"section\" data-settings=\"{&quot;stretch_section&quot;:&quot;section-stretched&quot;,&quot;background_background&quot;:&quot;classic&quot;}\">\n\t\t\t\t\t\t<div class=\"elementor-container elementor-column-gap-wide\">\n\t\t\t\t\t<div class=\"elementor-column elementor-col-50 elementor-top-column elementor-element elementor-element-14d15207\" data-id=\"14d15207\" data-element_type=\"column\" data-e-type=\"column\">\n\t\t\t<div class=\"elementor-widget-wrap elementor-element-populated\">\n\t\t\t\t\t\t<section class=\"elementor-section elementor-inner-section elementor-element elementor-element-1c3b0472 elementor-section-boxed elementor-section-height-default elementor-section-height-default\" data-id=\"1c3b0472\" data-element_type=\"section\" data-e-type=\"section\">\n\t\t\t\t\t\t<div class=\"elementor-container elementor-column-gap-no\">\n\t\t\t\t\t<div class=\"elementor-column elementor-col-100 elementor-inner-column elementor-element elementor-element-33647d64\" data-id=\"33647d64\" data-element_type=\"column\" data-e-type=\"column\" data-settings=\"{&quot;background_background&quot;:&quot;slideshow&quot;,&quot;background_slideshow_gallery&quot;:[],&quot;background_slideshow_loop&quot;:&quot;yes&quot;,&quot;background_slideshow_slide_duration&quot;:5000,&quot;background_slideshow_slide_transition&quot;:&quot;fade&quot;,&quot;background_slideshow_transition_duration&quot;:500}\">\n\t\t\t<div class=\"elementor-widget-wrap elementor-element-populated\">\n\t\t\t\t\t\t<div class=\"elementor-element elementor-element-5ad94867 elementor-widget elementor-widget-heading\" data-id=\"5ad94867\" data-element_type=\"widget\" data-e-type=\"widget\" data-widget_type=\"heading.default\">\n\t\t\t\t<div class=\"elementor-widget-container\">\n\t\t\t\t\t<h2 class=\"elementor-heading-title elementor-size-default\">Ota yhteytt\u00e4<\/h2>\t\t\t\t<\/div>\n\t\t\t\t<\/div>\n\t\t\t\t\t<\/div>\n\t\t<\/div>\n\t\t\t\t\t<\/div>\n\t\t<\/section>\n\t\t\t\t<section class=\"elementor-section elementor-inner-section elementor-element elementor-element-7b4ba167 elementor-section-boxed elementor-section-height-default elementor-section-height-default\" data-id=\"7b4ba167\" data-element_type=\"section\" data-e-type=\"section\">\n\t\t\t\t\t\t<div class=\"elementor-container elementor-column-gap-no\">\n\t\t\t\t\t<div class=\"elementor-column elementor-col-50 elementor-inner-column elementor-element elementor-element-4b68d67\" data-id=\"4b68d67\" data-element_type=\"column\" data-e-type=\"column\">\n\t\t\t<div class=\"elementor-widget-wrap elementor-element-populated\">\n\t\t\t\t\t\t<div class=\"elementor-element elementor-element-67d2b4f9 elementor-widget elementor-widget-heading\" data-id=\"67d2b4f9\" data-element_type=\"widget\" data-e-type=\"widget\" data-widget_type=\"heading.default\">\n\t\t\t\t<div class=\"elementor-widget-container\">\n\t\t\t\t\t<h4 class=\"elementor-heading-title elementor-size-default\">kansanedustaja<br>Jenni Pitko<\/h4>\t\t\t\t<\/div>\n\t\t\t\t<\/div>\n\t\t\t\t<div class=\"elementor-element elementor-element-3d32e3ed elementor-icon-list--layout-traditional elementor-list-item-link-full_width elementor-widget elementor-widget-icon-list\" data-id=\"3d32e3ed\" data-element_type=\"widget\" data-e-type=\"widget\" data-widget_type=\"icon-list.default\">\n\t\t\t\t<div class=\"elementor-widget-container\">\n\t\t\t\t\t\t\t<ul class=\"elementor-icon-list-items\">\n\t\t\t\t\t\t\t<li class=\"elementor-icon-list-item\">\n\t\t\t\t\t\t\t\t\t\t\t<span class=\"elementor-icon-list-icon\">\n\t\t\t\t\t\t\t<i aria-hidden=\"true\" class=\"fas fa-phone-alt\"><\/i>\t\t\t\t\t\t<\/span>\n\t\t\t\t\t\t\t\t\t\t<span class=\"elementor-icon-list-text\">09 432 3168<\/span>\n\t\t\t\t\t\t\t\t\t<\/li>\n\t\t\t\t\t\t\t\t<li class=\"elementor-icon-list-item\">\n\t\t\t\t\t\t\t\t\t\t\t<span class=\"elementor-icon-list-icon\">\n\t\t\t\t\t\t\t<i aria-hidden=\"true\" class=\"far fa-envelope\"><\/i>\t\t\t\t\t\t<\/span>\n\t\t\t\t\t\t\t\t\t\t<span class=\"elementor-icon-list-text\">jenni.pitko(at)eduskunta.fi<\/span>\n\t\t\t\t\t\t\t\t\t<\/li>\n\t\t\t\t\t\t<\/ul>\n\t\t\t\t\t\t<\/div>\n\t\t\t\t<\/div>\n\t\t\t\t\t<\/div>\n\t\t<\/div>\n\t\t\t\t<div class=\"elementor-column elementor-col-50 elementor-inner-column elementor-element elementor-element-2b873107\" data-id=\"2b873107\" data-element_type=\"column\" data-e-type=\"column\">\n\t\t\t<div class=\"elementor-widget-wrap elementor-element-populated\">\n\t\t\t\t\t\t<div class=\"elementor-element elementor-element-7cf3154c elementor-widget elementor-widget-heading\" data-id=\"7cf3154c\" data-element_type=\"widget\" data-e-type=\"widget\" data-widget_type=\"heading.default\">\n\t\t\t\t<div class=\"elementor-widget-container\">\n\t\t\t\t\t<h4 class=\"elementor-heading-title elementor-size-default\">eduskunta-avustaja<br>Eetu Kreivi<\/h4>\t\t\t\t<\/div>\n\t\t\t\t<\/div>\n\t\t\t\t<div class=\"elementor-element elementor-element-2cf7d79c elementor-icon-list--layout-traditional elementor-list-item-link-full_width elementor-widget elementor-widget-icon-list\" data-id=\"2cf7d79c\" data-element_type=\"widget\" data-e-type=\"widget\" data-widget_type=\"icon-list.default\">\n\t\t\t\t<div class=\"elementor-widget-container\">\n\t\t\t\t\t\t\t<ul class=\"elementor-icon-list-items\">\n\t\t\t\t\t\t\t<li class=\"elementor-icon-list-item\">\n\t\t\t\t\t\t\t\t\t\t\t<span class=\"elementor-icon-list-icon\">\n\t\t\t\t\t\t\t<i aria-hidden=\"true\" class=\"fas fa-phone-alt\"><\/i>\t\t\t\t\t\t<\/span>\n\t\t\t\t\t\t\t\t\t\t<span class=\"elementor-icon-list-text\">050 430 5556<\/span>\n\t\t\t\t\t\t\t\t\t<\/li>\n\t\t\t\t\t\t\t\t<li class=\"elementor-icon-list-item\">\n\t\t\t\t\t\t\t\t\t\t\t<span class=\"elementor-icon-list-icon\">\n\t\t\t\t\t\t\t<i aria-hidden=\"true\" class=\"far fa-envelope\"><\/i>\t\t\t\t\t\t<\/span>\n\t\t\t\t\t\t\t\t\t\t<span class=\"elementor-icon-list-text\">eetu.kreivi(at)eduskunta.fi<\/span>\n\t\t\t\t\t\t\t\t\t<\/li>\n\t\t\t\t\t\t<\/ul>\n\t\t\t\t\t\t<\/div>\n\t\t\t\t<\/div>\n\t\t\t\t\t<\/div>\n\t\t<\/div>\n\t\t\t\t\t<\/div>\n\t\t<\/section>\n\t\t\t\t<section class=\"elementor-section elementor-inner-section elementor-element elementor-element-2789360e elementor-section-boxed elementor-section-height-default elementor-section-height-default\" data-id=\"2789360e\" data-element_type=\"section\" data-e-type=\"section\">\n\t\t\t\t\t\t<div class=\"elementor-container elementor-column-gap-no\">\n\t\t\t\t\t<div class=\"elementor-column elementor-col-100 elementor-inner-column elementor-element elementor-element-28aca60d\" data-id=\"28aca60d\" data-element_type=\"column\" data-e-type=\"column\">\n\t\t\t<div class=\"elementor-widget-wrap elementor-element-populated\">\n\t\t\t\t\t\t<div class=\"elementor-element elementor-element-159cb8ab e-grid-align-left elementor-shape-rounded elementor-grid-0 elementor-widget elementor-widget-social-icons\" data-id=\"159cb8ab\" data-element_type=\"widget\" data-e-type=\"widget\" data-widget_type=\"social-icons.default\">\n\t\t\t\t<div class=\"elementor-widget-container\">\n\t\t\t\t\t\t\t<div class=\"elementor-social-icons-wrapper elementor-grid\" role=\"list\">\n\t\t\t\t\t\t\t<span class=\"elementor-grid-item\" role=\"listitem\">\n\t\t\t\t\t<a class=\"elementor-icon elementor-social-icon elementor-social-icon-instagram elementor-repeater-item-83f8457\" href=\"http:\/\/www.instagram.com\/jennipitko\" target=\"_blank\">\n\t\t\t\t\t\t<span class=\"elementor-screen-only\">Instagram<\/span>\n\t\t\t\t\t\t<i aria-hidden=\"true\" class=\"fab fa-instagram\"><\/i>\t\t\t\t\t<\/a>\n\t\t\t\t<\/span>\n\t\t\t\t\t\t\t<span class=\"elementor-grid-item\" role=\"listitem\">\n\t\t\t\t\t<a class=\"elementor-icon elementor-social-icon elementor-social-icon-facebook elementor-repeater-item-ce08f98\" href=\"http:\/\/www.facebook.com\/jennipitko\" target=\"_blank\">\n\t\t\t\t\t\t<span class=\"elementor-screen-only\">Facebook<\/span>\n\t\t\t\t\t\t<i aria-hidden=\"true\" class=\"fab fa-facebook\"><\/i>\t\t\t\t\t<\/a>\n\t\t\t\t<\/span>\n\t\t\t\t\t\t\t<span class=\"elementor-grid-item\" role=\"listitem\">\n\t\t\t\t\t<a class=\"elementor-icon elementor-social-icon elementor-social-icon-linkedin elementor-repeater-item-466c713\" href=\"https:\/\/www.linkedin.com\/in\/jenni-pitko-b3b46936\/\" target=\"_blank\">\n\t\t\t\t\t\t<span class=\"elementor-screen-only\">Linkedin<\/span>\n\t\t\t\t\t\t<i aria-hidden=\"true\" class=\"fab fa-linkedin\"><\/i>\t\t\t\t\t<\/a>\n\t\t\t\t<\/span>\n\t\t\t\t\t\t\t<span class=\"elementor-grid-item\" role=\"listitem\">\n\t\t\t\t\t<a class=\"elementor-icon elementor-social-icon elementor-social-icon-youtube elementor-repeater-item-b617254\" href=\"https:\/\/www.youtube.com\/@jennipitko6129\" target=\"_blank\">\n\t\t\t\t\t\t<span class=\"elementor-screen-only\">Youtube<\/span>\n\t\t\t\t\t\t<i aria-hidden=\"true\" class=\"fab fa-youtube\"><\/i>\t\t\t\t\t<\/a>\n\t\t\t\t<\/span>\n\t\t\t\t\t\t\t<span class=\"elementor-grid-item\" role=\"listitem\">\n\t\t\t\t\t<a class=\"elementor-icon elementor-social-icon elementor-social-icon-threads elementor-repeater-item-69c37fa\" href=\"http:\/\/www.threads.com\/jennipitko\" target=\"_blank\">\n\t\t\t\t\t\t<span class=\"elementor-screen-only\">Threads<\/span>\n\t\t\t\t\t\t<i aria-hidden=\"true\" class=\"fab fa-threads\"><\/i>\t\t\t\t\t<\/a>\n\t\t\t\t<\/span>\n\t\t\t\t\t<\/div>\n\t\t\t\t\t\t<\/div>\n\t\t\t\t<\/div>\n\t\t\t\t\t<\/div>\n\t\t<\/div>\n\t\t\t\t\t<\/div>\n\t\t<\/section>\n\t\t\t\t\t<\/div>\n\t\t<\/div>\n\t\t\t\t<div class=\"elementor-column elementor-col-50 elementor-top-column elementor-element elementor-element-530ce20\" data-id=\"530ce20\" data-element_type=\"column\" data-e-type=\"column\" data-settings=\"{&quot;background_background&quot;:&quot;classic&quot;}\">\n\t\t\t<div class=\"elementor-widget-wrap elementor-element-populated\">\n\t\t\t\t\t<div class=\"elementor-background-overlay\"><\/div>\n\t\t\t\t\t\t<div class=\"elementor-element elementor-element-3f08ad25 elementor-widget elementor-widget-heading\" data-id=\"3f08ad25\" data-element_type=\"widget\" data-e-type=\"widget\" data-widget_type=\"heading.default\">\n\t\t\t\t<div class=\"elementor-widget-container\">\n\t\t\t\t\t<h3 class=\"elementor-heading-title elementor-size-default\">L\u00e4het\u00e4 viesti<\/h3>\t\t\t\t<\/div>\n\t\t\t\t<\/div>\n\t\t\t\t<div class=\"elementor-element elementor-element-cb2bbc9 elementor-widget elementor-widget-wpforms\" data-id=\"cb2bbc9\" data-element_type=\"widget\" data-e-type=\"widget\" data-widget_type=\"wpforms.default\">\n\t\t\t\t<div class=\"elementor-widget-container\">\n\t\t\t\t\t<div class=\"wpforms-container \" id=\"wpforms-3324\"><form id=\"wpforms-form-3324\" class=\"wpforms-validate wpforms-form\" data-formid=\"3324\" method=\"post\" enctype=\"multipart\/form-data\" action=\"\/koti\/wp-json\/wp\/v2\/pages\/3338\" data-token=\"dda8d4c4f08d716fb8b4fd489c8fc268\" data-token-time=\"1777655449\"><noscript class=\"wpforms-error-noscript\">Please enable JavaScript in your browser to complete this form.<\/noscript><div class=\"wpforms-field-container\"><div id=\"wpforms-3324-field_1-container\" class=\"wpforms-field wpforms-field-name\" data-field-id=\"1\"><label class=\"wpforms-field-label\" for=\"wpforms-3324-field_1\">Nimi <span class=\"wpforms-required-label\">*<\/span><\/label><input type=\"text\" id=\"wpforms-3324-field_1\" class=\"wpforms-field-medium wpforms-field-required\" name=\"wpforms[fields][1]\" placeholder=\"Etunimi Sukunimi\" required><\/div><div id=\"wpforms-3324-field_2-container\" class=\"wpforms-field wpforms-field-email\" data-field-id=\"2\"><label class=\"wpforms-field-label\" for=\"wpforms-3324-field_2\">S\u00e4hk\u00f6posti <span class=\"wpforms-required-label\">*<\/span><\/label><input type=\"email\" id=\"wpforms-3324-field_2\" class=\"wpforms-field-medium wpforms-field-required\" name=\"wpforms[fields][2]\" placeholder=\"S\u00e4hk\u00f6postiosoitteesi\" spellcheck=\"false\" required><\/div><div id=\"wpforms-3324-field_3-container\" class=\"wpforms-field wpforms-field-textarea\" data-field-id=\"3\"><label class=\"wpforms-field-label\" for=\"wpforms-3324-field_3\">Viestisi <span class=\"wpforms-required-label\">*<\/span><\/label><textarea id=\"wpforms-3324-field_3\" class=\"wpforms-field-medium wpforms-field-required\" name=\"wpforms[fields][3]\" placeholder=\"Kirjoita t\u00e4h\u00e4n viestisi\" required><\/textarea><\/div><\/div><!-- .wpforms-field-container --><div class=\"wpforms-submit-container\" ><input type=\"hidden\" name=\"wpforms[id]\" value=\"3324\"><input type=\"hidden\" name=\"page_title\" value=\"\"><input type=\"hidden\" name=\"page_url\" value=\"https:\/\/jennipitko.fi\/koti\/wp-json\/wp\/v2\/pages\/3338\"><input type=\"hidden\" name=\"url_referer\" value=\"\"><button type=\"submit\" name=\"wpforms[submit]\" id=\"wpforms-submit-3324\" class=\"wpforms-submit\" data-alt-text=\"L\u00e4hett\u00e4\u00e4...\" data-submit-text=\"L\u00e4het\u00e4\" aria-live=\"assertive\" value=\"wpforms-submit\">L\u00e4het\u00e4<\/button><\/div><\/form><\/div>  <!-- .wpforms-container -->\t\t\t\t<\/div>\n\t\t\t\t<\/div>\n\t\t\t\t\t<\/div>\n\t\t<\/div>\n\t\t\t\t\t<\/div>\n\t\t<\/section>\n\t\t\t\t<\/div>\n\t\t","protected":false},"excerpt":{"rendered":"<p>Blogi Tilaa uutiskirje Liity tukiryhm\u00e4\u00e4n Puheeni valtion ensi vuoden budjetin l\u00e4hetekeskustelussa 23.9. 29 syyskuun, 2025 | by Jenni Hallituksen keskeinen [&hellip;]<\/p>\n","protected":false},"author":8,"featured_media":0,"parent":0,"menu_order":0,"comment_status":"closed","ping_status":"closed","template":"","meta":{"_monsterinsights_skip_tracking":false,"_monsterinsights_sitenote_active":false,"_monsterinsights_sitenote_note":"","_monsterinsights_sitenote_category":0,"site-sidebar-layout":"no-sidebar","site-content-layout":"","ast-site-content-layout":"full-width-container","site-content-style":"default","site-sidebar-style":"default","ast-global-header-display":"","ast-banner-title-visibility":"","ast-main-header-display":"","ast-hfb-above-header-display":"","ast-hfb-below-header-display":"","ast-hfb-mobile-header-display":"","site-post-title":"disabled","ast-breadcrumbs-content":"","ast-featured-img":"disabled","footer-sml-layout":"","ast-disable-related-posts":"","theme-transparent-header-meta":"","adv-header-id-meta":"","stick-header-meta":"","header-above-stick-meta":"","header-main-stick-meta":"","header-below-stick-meta":"","astra-migrate-meta-layouts":"default","ast-page-background-enabled":"default","ast-page-background-meta":{"desktop":{"background-color":"var(--ast-global-color-5)","background-image":"","background-repeat":"repeat","background-position":"center center","background-size":"auto","background-attachment":"scroll","background-type":"","background-media":"","overlay-type":"","overlay-color":"","overlay-opacity":"","overlay-gradient":""},"tablet":{"background-color":"","background-image":"","background-repeat":"repeat","background-position":"center center","background-size":"auto","background-attachment":"scroll","background-type":"","background-media":"","overlay-type":"","overlay-color":"","overlay-opacity":"","overlay-gradient":""},"mobile":{"background-color":"","background-image":"","background-repeat":"repeat","background-position":"center center","background-size":"auto","background-attachment":"scroll","background-type":"","background-media":"","overlay-type":"","overlay-color":"","overlay-opacity":"","overlay-gradient":""}},"ast-content-background-meta":{"desktop":{"background-color":"var(--ast-global-color-4)","background-image":"","background-repeat":"repeat","background-position":"center center","background-size":"auto","background-attachment":"scroll","background-type":"","background-media":"","overlay-type":"","overlay-color":"","overlay-opacity":"","overlay-gradient":""},"tablet":{"background-color":"var(--ast-global-color-4)","background-image":"","background-repeat":"repeat","background-position":"center center","background-size":"auto","background-attachment":"scroll","background-type":"","background-media":"","overlay-type":"","overlay-color":"","overlay-opacity":"","overlay-gradient":""},"mobile":{"background-color":"var(--ast-global-color-4)","background-image":"","background-repeat":"repeat","background-position":"center center","background-size":"auto","background-attachment":"scroll","background-type":"","background-media":"","overlay-type":"","overlay-color":"","overlay-opacity":"","overlay-gradient":""}},"footnotes":""},"class_list":["post-3338","page","type-page","status-publish","hentry"],"yoast_head":"<!-- This site is optimized with the Yoast SEO plugin v27.5 - https:\/\/yoast.com\/product\/yoast-seo-wordpress\/ -->\n<title>Blogi | kansanedustaja Jenni Pitko - Vihreiden varapuheenjohtaja, ymp\u00e4rist\u00f6valiokunnan puheenjohtaja, kansanedustaja ja arkkitehti Oulusta<\/title>\n<meta name=\"description\" content=\"Lue Jenni Pitkon blogia \u2013 ajankohtaisia n\u00e4k\u00f6kulmia ilmastopolitiikasta, kaupunkikehityksest\u00e4 ja yhdenvertaisuudesta.\" \/>\n<meta name=\"robots\" content=\"index, follow, max-snippet:-1, max-image-preview:large, max-video-preview:-1\" \/>\n<link rel=\"canonical\" href=\"https:\/\/jennipitko.fi\/koti\/blogi\/\" \/>\n<meta property=\"og:locale\" content=\"fi_FI\" \/>\n<meta property=\"og:type\" content=\"article\" \/>\n<meta property=\"og:title\" content=\"Blogi | kansanedustaja Jenni Pitko - Vihreiden varapuheenjohtaja, ymp\u00e4rist\u00f6valiokunnan puheenjohtaja, kansanedustaja ja arkkitehti Oulusta\" \/>\n<meta property=\"og:description\" content=\"Lue Jenni Pitkon blogia \u2013 ajankohtaisia n\u00e4k\u00f6kulmia ilmastopolitiikasta, kaupunkikehityksest\u00e4 ja yhdenvertaisuudesta.\" \/>\n<meta property=\"og:url\" content=\"https:\/\/jennipitko.fi\/koti\/blogi\/\" \/>\n<meta property=\"og:site_name\" content=\"Jenni Pitko - Vihreiden varapuheenjohtaja, ymp\u00e4rist\u00f6valiokunnan puheenjohtaja, kansanedustaja ja arkkitehti Oulusta\" \/>\n<meta property=\"article:modified_time\" content=\"2025-10-16T10:41:46+00:00\" \/>\n<meta property=\"og:image\" content=\"https:\/\/jennipitko.fi\/koti\/wp-content\/uploads\/2025\/09\/11-300x199.jpg\" \/>\n<meta name=\"twitter:card\" content=\"summary_large_image\" \/>\n<meta name=\"twitter:label1\" content=\"Arvioitu lukuaika\" \/>\n\t<meta name=\"twitter:data1\" content=\"3 minuuttia\" \/>\n<script type=\"application\/ld+json\" class=\"yoast-schema-graph\">{\"@context\":\"https:\\\/\\\/schema.org\",\"@graph\":[{\"@type\":\"WebPage\",\"@id\":\"https:\\\/\\\/jennipitko.fi\\\/koti\\\/blogi\\\/\",\"url\":\"https:\\\/\\\/jennipitko.fi\\\/koti\\\/blogi\\\/\",\"name\":\"Blogi | kansanedustaja Jenni Pitko - Vihreiden varapuheenjohtaja, ymp\u00e4rist\u00f6valiokunnan puheenjohtaja, kansanedustaja ja arkkitehti Oulusta\",\"isPartOf\":{\"@id\":\"https:\\\/\\\/jennipitko.fi\\\/koti\\\/#website\"},\"primaryImageOfPage\":{\"@id\":\"https:\\\/\\\/jennipitko.fi\\\/koti\\\/blogi\\\/#primaryimage\"},\"image\":{\"@id\":\"https:\\\/\\\/jennipitko.fi\\\/koti\\\/blogi\\\/#primaryimage\"},\"thumbnailUrl\":\"https:\\\/\\\/jennipitko.fi\\\/koti\\\/wp-content\\\/uploads\\\/2025\\\/09\\\/11-300x199.jpg\",\"datePublished\":\"2025-09-20T11:35:55+00:00\",\"dateModified\":\"2025-10-16T10:41:46+00:00\",\"description\":\"Lue Jenni Pitkon blogia \u2013 ajankohtaisia n\u00e4k\u00f6kulmia ilmastopolitiikasta, kaupunkikehityksest\u00e4 ja yhdenvertaisuudesta.\",\"breadcrumb\":{\"@id\":\"https:\\\/\\\/jennipitko.fi\\\/koti\\\/blogi\\\/#breadcrumb\"},\"inLanguage\":\"fi\",\"potentialAction\":[{\"@type\":\"ReadAction\",\"target\":[\"https:\\\/\\\/jennipitko.fi\\\/koti\\\/blogi\\\/\"]}]},{\"@type\":\"ImageObject\",\"inLanguage\":\"fi\",\"@id\":\"https:\\\/\\\/jennipitko.fi\\\/koti\\\/blogi\\\/#primaryimage\",\"url\":\"https:\\\/\\\/jennipitko.fi\\\/koti\\\/wp-content\\\/uploads\\\/2025\\\/09\\\/11.jpg\",\"contentUrl\":\"https:\\\/\\\/jennipitko.fi\\\/koti\\\/wp-content\\\/uploads\\\/2025\\\/09\\\/11.jpg\",\"width\":1280,\"height\":847,\"caption\":\"Vihreiden kansanedustaja Jenni Pitko katsoo suoraan kameraan eduskuntatalolla nojaten kauniiseen marmorisein\u00e4\u00e4n.\"},{\"@type\":\"BreadcrumbList\",\"@id\":\"https:\\\/\\\/jennipitko.fi\\\/koti\\\/blogi\\\/#breadcrumb\",\"itemListElement\":[{\"@type\":\"ListItem\",\"position\":1,\"name\":\"Home\",\"item\":\"https:\\\/\\\/jennipitko.fi\\\/koti\\\/\"},{\"@type\":\"ListItem\",\"position\":2,\"name\":\"Blogi\"}]},{\"@type\":\"WebSite\",\"@id\":\"https:\\\/\\\/jennipitko.fi\\\/koti\\\/#website\",\"url\":\"https:\\\/\\\/jennipitko.fi\\\/koti\\\/\",\"name\":\"Jenni Pitko - Vihreiden varapuheenjohtaja, ymp\u00e4rist\u00f6valiokunnan puheenjohtaja, kansanedustaja ja arkkitehti Oulusta\",\"description\":\"Jenni Pitko - Vihreiden varapuheenjohtaja, ymp\u00e4rist\u00f6valiokunnan puheenjohtaja, kansanedustaja ja arkkitehti Oulusta\",\"publisher\":{\"@id\":\"https:\\\/\\\/jennipitko.fi\\\/koti\\\/#organization\"},\"potentialAction\":[{\"@type\":\"SearchAction\",\"target\":{\"@type\":\"EntryPoint\",\"urlTemplate\":\"https:\\\/\\\/jennipitko.fi\\\/koti\\\/?s={search_term_string}\"},\"query-input\":{\"@type\":\"PropertyValueSpecification\",\"valueRequired\":true,\"valueName\":\"search_term_string\"}}],\"inLanguage\":\"fi\"},{\"@type\":\"Organization\",\"@id\":\"https:\\\/\\\/jennipitko.fi\\\/koti\\\/#organization\",\"name\":\"Jenni Pitko - Vihreiden varapuheenjohtaja, ymp\u00e4rist\u00f6valiokunnan puheenjohtaja, kansanedustaja ja arkkitehti Oulusta\",\"url\":\"https:\\\/\\\/jennipitko.fi\\\/koti\\\/\",\"logo\":{\"@type\":\"ImageObject\",\"inLanguage\":\"fi\",\"@id\":\"https:\\\/\\\/jennipitko.fi\\\/koti\\\/#\\\/schema\\\/logo\\\/image\\\/\",\"url\":\"https:\\\/\\\/jennipitko.fi\\\/koti\\\/wp-content\\\/uploads\\\/2025\\\/09\\\/Nimeton-malli-38.png\",\"contentUrl\":\"https:\\\/\\\/jennipitko.fi\\\/koti\\\/wp-content\\\/uploads\\\/2025\\\/09\\\/Nimeton-malli-38.png\",\"width\":1280,\"height\":847,\"caption\":\"Jenni Pitko - Vihreiden varapuheenjohtaja, ymp\u00e4rist\u00f6valiokunnan puheenjohtaja, kansanedustaja ja arkkitehti Oulusta\"},\"image\":{\"@id\":\"https:\\\/\\\/jennipitko.fi\\\/koti\\\/#\\\/schema\\\/logo\\\/image\\\/\"}}]}<\/script>\n<!-- \/ Yoast SEO plugin. -->","yoast_head_json":{"title":"Blogi | kansanedustaja Jenni Pitko - Vihreiden varapuheenjohtaja, ymp\u00e4rist\u00f6valiokunnan puheenjohtaja, kansanedustaja ja arkkitehti Oulusta","description":"Lue Jenni Pitkon blogia \u2013 ajankohtaisia n\u00e4k\u00f6kulmia ilmastopolitiikasta, kaupunkikehityksest\u00e4 ja yhdenvertaisuudesta.","robots":{"index":"index","follow":"follow","max-snippet":"max-snippet:-1","max-image-preview":"max-image-preview:large","max-video-preview":"max-video-preview:-1"},"canonical":"https:\/\/jennipitko.fi\/koti\/blogi\/","og_locale":"fi_FI","og_type":"article","og_title":"Blogi | kansanedustaja Jenni Pitko - Vihreiden varapuheenjohtaja, ymp\u00e4rist\u00f6valiokunnan puheenjohtaja, kansanedustaja ja arkkitehti Oulusta","og_description":"Lue Jenni Pitkon blogia \u2013 ajankohtaisia n\u00e4k\u00f6kulmia ilmastopolitiikasta, kaupunkikehityksest\u00e4 ja yhdenvertaisuudesta.","og_url":"https:\/\/jennipitko.fi\/koti\/blogi\/","og_site_name":"Jenni Pitko - Vihreiden varapuheenjohtaja, ymp\u00e4rist\u00f6valiokunnan puheenjohtaja, kansanedustaja ja arkkitehti Oulusta","article_modified_time":"2025-10-16T10:41:46+00:00","og_image":[{"url":"https:\/\/jennipitko.fi\/koti\/wp-content\/uploads\/2025\/09\/11-300x199.jpg","type":"","width":"","height":""}],"twitter_card":"summary_large_image","twitter_misc":{"Arvioitu lukuaika":"3 minuuttia"},"schema":{"@context":"https:\/\/schema.org","@graph":[{"@type":"WebPage","@id":"https:\/\/jennipitko.fi\/koti\/blogi\/","url":"https:\/\/jennipitko.fi\/koti\/blogi\/","name":"Blogi | kansanedustaja Jenni Pitko - Vihreiden varapuheenjohtaja, ymp\u00e4rist\u00f6valiokunnan puheenjohtaja, kansanedustaja ja arkkitehti Oulusta","isPartOf":{"@id":"https:\/\/jennipitko.fi\/koti\/#website"},"primaryImageOfPage":{"@id":"https:\/\/jennipitko.fi\/koti\/blogi\/#primaryimage"},"image":{"@id":"https:\/\/jennipitko.fi\/koti\/blogi\/#primaryimage"},"thumbnailUrl":"https:\/\/jennipitko.fi\/koti\/wp-content\/uploads\/2025\/09\/11-300x199.jpg","datePublished":"2025-09-20T11:35:55+00:00","dateModified":"2025-10-16T10:41:46+00:00","description":"Lue Jenni Pitkon blogia \u2013 ajankohtaisia n\u00e4k\u00f6kulmia ilmastopolitiikasta, kaupunkikehityksest\u00e4 ja yhdenvertaisuudesta.","breadcrumb":{"@id":"https:\/\/jennipitko.fi\/koti\/blogi\/#breadcrumb"},"inLanguage":"fi","potentialAction":[{"@type":"ReadAction","target":["https:\/\/jennipitko.fi\/koti\/blogi\/"]}]},{"@type":"ImageObject","inLanguage":"fi","@id":"https:\/\/jennipitko.fi\/koti\/blogi\/#primaryimage","url":"https:\/\/jennipitko.fi\/koti\/wp-content\/uploads\/2025\/09\/11.jpg","contentUrl":"https:\/\/jennipitko.fi\/koti\/wp-content\/uploads\/2025\/09\/11.jpg","width":1280,"height":847,"caption":"Vihreiden kansanedustaja Jenni Pitko katsoo suoraan kameraan eduskuntatalolla nojaten kauniiseen marmorisein\u00e4\u00e4n."},{"@type":"BreadcrumbList","@id":"https:\/\/jennipitko.fi\/koti\/blogi\/#breadcrumb","itemListElement":[{"@type":"ListItem","position":1,"name":"Home","item":"https:\/\/jennipitko.fi\/koti\/"},{"@type":"ListItem","position":2,"name":"Blogi"}]},{"@type":"WebSite","@id":"https:\/\/jennipitko.fi\/koti\/#website","url":"https:\/\/jennipitko.fi\/koti\/","name":"Jenni Pitko - Vihreiden varapuheenjohtaja, ymp\u00e4rist\u00f6valiokunnan puheenjohtaja, kansanedustaja ja arkkitehti Oulusta","description":"Jenni Pitko - Vihreiden varapuheenjohtaja, ymp\u00e4rist\u00f6valiokunnan puheenjohtaja, kansanedustaja ja arkkitehti Oulusta","publisher":{"@id":"https:\/\/jennipitko.fi\/koti\/#organization"},"potentialAction":[{"@type":"SearchAction","target":{"@type":"EntryPoint","urlTemplate":"https:\/\/jennipitko.fi\/koti\/?s={search_term_string}"},"query-input":{"@type":"PropertyValueSpecification","valueRequired":true,"valueName":"search_term_string"}}],"inLanguage":"fi"},{"@type":"Organization","@id":"https:\/\/jennipitko.fi\/koti\/#organization","name":"Jenni Pitko - Vihreiden varapuheenjohtaja, ymp\u00e4rist\u00f6valiokunnan puheenjohtaja, kansanedustaja ja arkkitehti Oulusta","url":"https:\/\/jennipitko.fi\/koti\/","logo":{"@type":"ImageObject","inLanguage":"fi","@id":"https:\/\/jennipitko.fi\/koti\/#\/schema\/logo\/image\/","url":"https:\/\/jennipitko.fi\/koti\/wp-content\/uploads\/2025\/09\/Nimeton-malli-38.png","contentUrl":"https:\/\/jennipitko.fi\/koti\/wp-content\/uploads\/2025\/09\/Nimeton-malli-38.png","width":1280,"height":847,"caption":"Jenni Pitko - Vihreiden varapuheenjohtaja, ymp\u00e4rist\u00f6valiokunnan puheenjohtaja, kansanedustaja ja arkkitehti Oulusta"},"image":{"@id":"https:\/\/jennipitko.fi\/koti\/#\/schema\/logo\/image\/"}}]}},"_links":{"self":[{"href":"https:\/\/jennipitko.fi\/koti\/wp-json\/wp\/v2\/pages\/3338","targetHints":{"allow":["GET"]}}],"collection":[{"href":"https:\/\/jennipitko.fi\/koti\/wp-json\/wp\/v2\/pages"}],"about":[{"href":"https:\/\/jennipitko.fi\/koti\/wp-json\/wp\/v2\/types\/page"}],"author":[{"embeddable":true,"href":"https:\/\/jennipitko.fi\/koti\/wp-json\/wp\/v2\/users\/8"}],"replies":[{"embeddable":true,"href":"https:\/\/jennipitko.fi\/koti\/wp-json\/wp\/v2\/comments?post=3338"}],"version-history":[{"count":5,"href":"https:\/\/jennipitko.fi\/koti\/wp-json\/wp\/v2\/pages\/3338\/revisions"}],"predecessor-version":[{"id":4884,"href":"https:\/\/jennipitko.fi\/koti\/wp-json\/wp\/v2\/pages\/3338\/revisions\/4884"}],"wp:attachment":[{"href":"https:\/\/jennipitko.fi\/koti\/wp-json\/wp\/v2\/media?parent=3338"}],"curies":[{"name":"wp","href":"https:\/\/api.w.org\/{rel}","templated":true}]}}